{"id":235126,"date":"2026-01-27T18:06:58","date_gmt":"2026-01-27T23:06:58","guid":{"rendered":"https:\/\/arriendo.com\/co\/%es_type%\/%address_city%\/%neighborhood%\/bogota-villa-del-rio-local-en-arriendo-en-2dc424\/"},"modified":"2026-01-27T18:06:58","modified_gmt":"2026-01-27T23:06:58","slug":"AR-235126","status":"publish","type":"properties","link":"https:\/\/arriendo.com\/co\/locales\/bogota\/villa-del-rio\/AR-235126\/","title":{"rendered":"Local en Arriendo en Villa del rio, Bogot\u00e1"},"content":{"rendered":"<p>\u201cTu marca, tu sue\u00f1o, tu futuro\u2026 comienza aqu\u00ed.\u201d<\/p>\n<p>Ubicada estrat\u00e9gicamente en el cuarto piso de Paseo Villa del R\u00edo, esta isla comercial ha sido dise\u00f1ada para que los emprendedores alcancen su m\u00e1ximo potencial. Benefici\u00e1ndose de un flujo constante de visitantes y un entorno vibrante que incluye entretenimiento, cine, gastronom\u00eda y gimnasio, este espacio representa el escenario ideal para que su negocio conecte con un p\u00fablico din\u00e1mico y \u00e1vido de nuevas experiencias.<\/p>\n<p>Con una ubicaci\u00f3n privilegiada sobre la Autopista Sur, dentro de un centro comercial moderno que alberga m\u00e1s de 350 locales y un entorno sostenible certificado, esta propiedad ofrece una plataforma de visibilidad inigualable para aquellos que buscan crecer, innovar y dejar una huella duradera en el mercado.<\/p>\n","protected":false},"excerpt":{"rendered":"\u201cTu marca, tu sue\u00f1o, tu futuro\u2026 comienza aqu\u00ed.\u201d Ubicada estrat\u00e9gicamente...","protected":false},"author":4102,"featured_media":235129,"template":"","es_locations":[110,77,1482],"es_categories":[124],"es_types":[117],"es_rent_periods":[],"es_labels":[],"es_statuses":[],"es_parkings":[],"es_roofs":[],"es_exterior_materials":[],"es_basements":[],"es_floor_coverings":[],"es_features":[2454,2201,2455,2216,2132,2488,2272,2181,2135,2239,2242,2137],"es_amenities":[2456,2206,2457,156,2140,2489,2273,2142,2256,161,2260,2144],"es_neighborhoods":[],"es_tags":[],"class_list":["post-235126","properties","type-properties","status-publish","has-post-thumbnail","hentry","es_location-bogota","es_location-bogota-d-c","es_location-villa-del-rio","es_category-arriendo","es_type-locales","es_feature-en-centro-comercial","es_feature-en-zona-comercial","es_feature-local-interior","es_feature-parqueadero-visitantes","es_feature-parques-cercanos","es_feature-pasaje-comercial","es_feature-piso-en-baldosa-marmol","es_feature-porteria-vigilancia","es_feature-sobre-via-principal","es_feature-sobre-via-secundaria","es_feature-vigilancia-privada-247","es_feature-zona-comercial","es_amenity-en-centro-comercial","es_amenity-en-zona-comercial","es_amenity-local-interior","es_amenity-parqueadero-visitantes","es_amenity-parques-cercanos","es_amenity-pasaje-comercial","es_amenity-piso-en-baldosa-marmol","es_amenity-sobre-via-principal","es_amenity-sobre-via-secundaria","es_amenity-vigilancia-24-7","es_amenity-vigilancia-privada-247","es_amenity-zona-comercial","es-post-entity"],"_links":{"self":[{"href":"https:\/\/arriendo.com\/co\/wp-json\/wp\/v2\/properties\/235126","targetHints":{"allow":["GET"]}}],"collection":[{"href":"https:\/\/arriendo.com\/co\/wp-json\/wp\/v2\/properties"}],"about":[{"href":"https:\/\/arriendo.com\/co\/wp-json\/wp\/v2\/types\/properties"}],"author":[{"embeddable":true,"href":"https:\/\/arriendo.com\/co\/wp-json\/wp\/v2\/users\/4102"}],"version-history":[{"count":0,"href":"https:\/\/arriendo.com\/co\/wp-json\/wp\/v2\/properties\/235126\/revisions"}],"wp:featuredmedia":[{"embeddable":true,"href":"https:\/\/arriendo.com\/co\/wp-json\/wp\/v2\/media\/235129"}],"wp:attachment":[{"href":"https:\/\/arriendo.com\/co\/wp-json\/wp\/v2\/media?parent=235126"}],"wp:term":[{"taxonomy":"es_location","embeddable":true,"href":"https:\/\/arriendo.com\/co\/wp-json\/wp\/v2\/es_locations?post=235126"},{"taxonomy":"es_category","embeddable":true,"href":"https:\/\/arriendo.com\/co\/wp-json\/wp\/v2\/es_categories?post=235126"},{"taxonomy":"es_type","embeddable":true,"href":"https:\/\/arriendo.com\/co\/wp-json\/wp\/v2\/es_types?post=235126"},{"taxonomy":"es_rent_period","embeddable":true,"href":"https:\/\/arriendo.com\/co\/wp-json\/wp\/v2\/es_rent_periods?post=235126"},{"taxonomy":"es_label","embeddable":true,"href":"https:\/\/arriendo.com\/co\/wp-json\/wp\/v2\/es_labels?post=235126"},{"taxonomy":"es_status","embeddable":true,"href":"https:\/\/arriendo.com\/co\/wp-json\/wp\/v2\/es_statuses?post=235126"},{"taxonomy":"es_parking","embeddable":true,"href":"https:\/\/arriendo.com\/co\/wp-json\/wp\/v2\/es_parkings?post=235126"},{"taxonomy":"es_roof","embeddable":true,"href":"https:\/\/arriendo.com\/co\/wp-json\/wp\/v2\/es_roofs?post=235126"},{"taxonomy":"es_exterior_material","embeddable":true,"href":"https:\/\/arriendo.com\/co\/wp-json\/wp\/v2\/es_exterior_materials?post=235126"},{"taxonomy":"es_basement","embeddable":true,"href":"https:\/\/arriendo.com\/co\/wp-json\/wp\/v2\/es_basements?post=235126"},{"taxonomy":"es_floor_covering","embeddable":true,"href":"https:\/\/arriendo.com\/co\/wp-json\/wp\/v2\/es_floor_coverings?post=235126"},{"taxonomy":"es_feature","embeddable":true,"href":"https:\/\/arriendo.com\/co\/wp-json\/wp\/v2\/es_features?post=235126"},{"taxonomy":"es_amenity","embeddable":true,"href":"https:\/\/arriendo.com\/co\/wp-json\/wp\/v2\/es_amenities?post=235126"},{"taxonomy":"es_neighborhood","embeddable":true,"href":"https:\/\/arriendo.com\/co\/wp-json\/wp\/v2\/es_neighborhoods?post=235126"},{"taxonomy":"es_tag","embeddable":true,"href":"https:\/\/arriendo.com\/co\/wp-json\/wp\/v2\/es_tags?post=235126"}],"curies":[{"name":"wp","href":"https:\/\/api.w.org\/{rel}","templated":true}]}}