{"id":234583,"date":"2026-01-27T17:13:58","date_gmt":"2026-01-27T22:13:58","guid":{"rendered":"https:\/\/arriendo.com\/co\/%es_type%\/%address_city%\/%neighborhood%\/pereira-los-alpes-local-en-arriendo-en-69abf6\/"},"modified":"2026-01-27T17:13:58","modified_gmt":"2026-01-27T22:13:58","slug":"AR-234583","status":"publish","type":"properties","link":"https:\/\/arriendo.com\/co\/locales\/pereira\/los-alpes\/AR-234583\/","title":{"rendered":"Local en Arriendo en Los alpes, Pereira"},"content":{"rendered":"<p>Se alquila local comercial en el sector de los Alpes, este local ubicado en v\u00eda vehicular esquinero cuenta con un \u00e1rea de 60 mts2 los cuales se reparten en dos pisos, este local comercial cuenta con ba\u00f1o, su ubicaci\u00f3n es excepcional rodeado de comercio y zona residencial el cual es un plus para desarrollar tu actividad comercial. Excelentes v\u00edas de ingreso a tan solo dos cuadras de la circunvalar. El valor del canon de arrendamiento es de 2,600,000 + IVA y contrato m\u00ednimo a un a\u00f1o.<\/p>\n","protected":false},"excerpt":{"rendered":"Se alquila local comercial en el sector de los Alpes,...","protected":false},"author":8280,"featured_media":234586,"template":"","es_locations":[2768,231,102],"es_categories":[124],"es_types":[117],"es_rent_periods":[],"es_labels":[],"es_statuses":[],"es_parkings":[],"es_roofs":[],"es_exterior_materials":[],"es_basements":[],"es_floor_coverings":[],"es_features":[2302,151,2385,2132,2272,2135,2137,2152],"es_amenities":[2303,2270,2386,2140,2273,2142,2144,2162],"es_neighborhoods":[],"es_tags":[],"class_list":["post-234583","properties","type-properties","status-publish","has-post-thumbnail","hentry","es_location-los-alpes","es_location-pereira","es_location-risaralda","es_category-arriendo","es_type-locales","es_feature-cocineta","es_feature-deposito-bodega","es_feature-local-exterior","es_feature-parques-cercanos","es_feature-piso-en-baldosa-marmol","es_feature-sobre-via-principal","es_feature-zona-comercial","es_feature-zona-residencial","es_amenity-cocineta","es_amenity-deposito-bodega","es_amenity-local-exterior","es_amenity-parques-cercanos","es_amenity-piso-en-baldosa-marmol","es_amenity-sobre-via-principal","es_amenity-zona-comercial","es_amenity-zona-residencial","es-post-entity"],"_links":{"self":[{"href":"https:\/\/arriendo.com\/co\/wp-json\/wp\/v2\/properties\/234583","targetHints":{"allow":["GET"]}}],"collection":[{"href":"https:\/\/arriendo.com\/co\/wp-json\/wp\/v2\/properties"}],"about":[{"href":"https:\/\/arriendo.com\/co\/wp-json\/wp\/v2\/types\/properties"}],"author":[{"embeddable":true,"href":"https:\/\/arriendo.com\/co\/wp-json\/wp\/v2\/users\/8280"}],"version-history":[{"count":0,"href":"https:\/\/arriendo.com\/co\/wp-json\/wp\/v2\/properties\/234583\/revisions"}],"wp:featuredmedia":[{"embeddable":true,"href":"https:\/\/arriendo.com\/co\/wp-json\/wp\/v2\/media\/234586"}],"wp:attachment":[{"href":"https:\/\/arriendo.com\/co\/wp-json\/wp\/v2\/media?parent=234583"}],"wp:term":[{"taxonomy":"es_location","embeddable":true,"href":"https:\/\/arriendo.com\/co\/wp-json\/wp\/v2\/es_locations?post=234583"},{"taxonomy":"es_category","embeddable":true,"href":"https:\/\/arriendo.com\/co\/wp-json\/wp\/v2\/es_categories?post=234583"},{"taxonomy":"es_type","embeddable":true,"href":"https:\/\/arriendo.com\/co\/wp-json\/wp\/v2\/es_types?post=234583"},{"taxonomy":"es_rent_period","embeddable":true,"href":"https:\/\/arriendo.com\/co\/wp-json\/wp\/v2\/es_rent_periods?post=234583"},{"taxonomy":"es_label","embeddable":true,"href":"https:\/\/arriendo.com\/co\/wp-json\/wp\/v2\/es_labels?post=234583"},{"taxonomy":"es_status","embeddable":true,"href":"https:\/\/arriendo.com\/co\/wp-json\/wp\/v2\/es_statuses?post=234583"},{"taxonomy":"es_parking","embeddable":true,"href":"https:\/\/arriendo.com\/co\/wp-json\/wp\/v2\/es_parkings?post=234583"},{"taxonomy":"es_roof","embeddable":true,"href":"https:\/\/arriendo.com\/co\/wp-json\/wp\/v2\/es_roofs?post=234583"},{"taxonomy":"es_exterior_material","embeddable":true,"href":"https:\/\/arriendo.com\/co\/wp-json\/wp\/v2\/es_exterior_materials?post=234583"},{"taxonomy":"es_basement","embeddable":true,"href":"https:\/\/arriendo.com\/co\/wp-json\/wp\/v2\/es_basements?post=234583"},{"taxonomy":"es_floor_covering","embeddable":true,"href":"https:\/\/arriendo.com\/co\/wp-json\/wp\/v2\/es_floor_coverings?post=234583"},{"taxonomy":"es_feature","embeddable":true,"href":"https:\/\/arriendo.com\/co\/wp-json\/wp\/v2\/es_features?post=234583"},{"taxonomy":"es_amenity","embeddable":true,"href":"https:\/\/arriendo.com\/co\/wp-json\/wp\/v2\/es_amenities?post=234583"},{"taxonomy":"es_neighborhood","embeddable":true,"href":"https:\/\/arriendo.com\/co\/wp-json\/wp\/v2\/es_neighborhoods?post=234583"},{"taxonomy":"es_tag","embeddable":true,"href":"https:\/\/arriendo.com\/co\/wp-json\/wp\/v2\/es_tags?post=234583"}],"curies":[{"name":"wp","href":"https:\/\/api.w.org\/{rel}","templated":true}]}}