{"id":234195,"date":"2026-01-27T16:31:50","date_gmt":"2026-01-27T21:31:50","guid":{"rendered":"https:\/\/arriendo.com\/co\/%es_type%\/%address_city%\/%neighborhood%\/bogota-kennedy-local-en-arriendo-en-60c45b\/"},"modified":"2026-01-27T16:31:50","modified_gmt":"2026-01-27T21:31:50","slug":"AR-234195","status":"publish","type":"properties","link":"https:\/\/arriendo.com\/co\/locales\/bogota\/kennedy\/AR-234195\/","title":{"rendered":"Local en Arriendo en Kennedy, Bogot\u00e1"},"content":{"rendered":"<p>ARRIENDO LOCAL COMERCIAL RENTABLE SOBRE LA AVENIDA VILLAVICENCIO CON CIUDAD DE CALI EN BOGOTA<\/p>\n<p>Area: 18 mts.<\/p>\n<p>Este Local es ideal para tu proyecto de Negocios, esta ubicado en una zona Comercial sobre la Avenida Principal de la Av. Villavicencio con Avenida Ciudad de Cali, Diagonal al portal Am\u00e9ricas.<\/p>\n<p>Medidas: 3 metros de frente por 6 metros de fondo. <\/p>\n<p>Servicios independientes <\/p>\n<p>Agua y luz.<\/p>\n<p>Canon ***<\/p>\n<p>Es un local acreditado por m\u00e1s de 15 a\u00f1os en el cual podr\u00e1s comercializar productos de Ferreter\u00eda, Construcci\u00f3n, Pisos, Cer\u00e1micas, Cocinas Integrales&#8230;<\/p>\n<p>\u00a1Comun\u00edcate con nosotros al ***para realizar una excelente Inversi\u00f3n!<\/p>\n","protected":false},"excerpt":{"rendered":"ARRIENDO LOCAL COMERCIAL RENTABLE SOBRE LA AVENIDA VILLAVICENCIO CON CIUDAD...","protected":false},"author":6668,"featured_media":234198,"template":"","es_locations":[110,77,284],"es_categories":[124],"es_types":[117],"es_rent_periods":[],"es_labels":[],"es_statuses":[],"es_parkings":[],"es_roofs":[],"es_exterior_materials":[],"es_basements":[],"es_floor_coverings":[],"es_features":[2292,2211,2148,2370,2132,2272,2135,2136,144,2137,2300,2185,2152,2204],"es_amenities":[2294,2210,2157,2371,2140,2273,2142,2143,2289,2144,2301,2173,2162,2209],"es_neighborhoods":[],"es_tags":[],"class_list":["post-234195","properties","type-properties","status-publish","has-post-thumbnail","hentry","es_location-bogota","es_location-bogota-d-c","es_location-kennedy","es_category-arriendo","es_type-locales","es_feature-acceso-pavimentado","es_feature-canchas-deportivas","es_feature-colegios-universidades","es_feature-oficina-de-negocios","es_feature-parques-cercanos","es_feature-piso-en-baldosa-marmol","es_feature-sobre-via-principal","es_feature-trans-publico-cercano","es_feature-vista-panoramica","es_feature-zona-comercial","es_feature-zona-industrial","es_feature-zona-infantil","es_feature-zona-residencial","es_feature-zonas-verdes","es_amenity-acceso-pavimentado","es_amenity-canchas-deportivas","es_amenity-colegios-universidades","es_amenity-oficina-de-negocios","es_amenity-parques-cercanos","es_amenity-piso-en-baldosa-marmol","es_amenity-sobre-via-principal","es_amenity-trans-publico-cercano","es_amenity-vista-panoramica","es_amenity-zona-comercial","es_amenity-zona-industrial","es_amenity-zona-infantil","es_amenity-zona-residencial","es_amenity-zonas-verdes","es-post-entity"],"_links":{"self":[{"href":"https:\/\/arriendo.com\/co\/wp-json\/wp\/v2\/properties\/234195","targetHints":{"allow":["GET"]}}],"collection":[{"href":"https:\/\/arriendo.com\/co\/wp-json\/wp\/v2\/properties"}],"about":[{"href":"https:\/\/arriendo.com\/co\/wp-json\/wp\/v2\/types\/properties"}],"author":[{"embeddable":true,"href":"https:\/\/arriendo.com\/co\/wp-json\/wp\/v2\/users\/6668"}],"version-history":[{"count":0,"href":"https:\/\/arriendo.com\/co\/wp-json\/wp\/v2\/properties\/234195\/revisions"}],"wp:featuredmedia":[{"embeddable":true,"href":"https:\/\/arriendo.com\/co\/wp-json\/wp\/v2\/media\/234198"}],"wp:attachment":[{"href":"https:\/\/arriendo.com\/co\/wp-json\/wp\/v2\/media?parent=234195"}],"wp:term":[{"taxonomy":"es_location","embeddable":true,"href":"https:\/\/arriendo.com\/co\/wp-json\/wp\/v2\/es_locations?post=234195"},{"taxonomy":"es_category","embeddable":true,"href":"https:\/\/arriendo.com\/co\/wp-json\/wp\/v2\/es_categories?post=234195"},{"taxonomy":"es_type","embeddable":true,"href":"https:\/\/arriendo.com\/co\/wp-json\/wp\/v2\/es_types?post=234195"},{"taxonomy":"es_rent_period","embeddable":true,"href":"https:\/\/arriendo.com\/co\/wp-json\/wp\/v2\/es_rent_periods?post=234195"},{"taxonomy":"es_label","embeddable":true,"href":"https:\/\/arriendo.com\/co\/wp-json\/wp\/v2\/es_labels?post=234195"},{"taxonomy":"es_status","embeddable":true,"href":"https:\/\/arriendo.com\/co\/wp-json\/wp\/v2\/es_statuses?post=234195"},{"taxonomy":"es_parking","embeddable":true,"href":"https:\/\/arriendo.com\/co\/wp-json\/wp\/v2\/es_parkings?post=234195"},{"taxonomy":"es_roof","embeddable":true,"href":"https:\/\/arriendo.com\/co\/wp-json\/wp\/v2\/es_roofs?post=234195"},{"taxonomy":"es_exterior_material","embeddable":true,"href":"https:\/\/arriendo.com\/co\/wp-json\/wp\/v2\/es_exterior_materials?post=234195"},{"taxonomy":"es_basement","embeddable":true,"href":"https:\/\/arriendo.com\/co\/wp-json\/wp\/v2\/es_basements?post=234195"},{"taxonomy":"es_floor_covering","embeddable":true,"href":"https:\/\/arriendo.com\/co\/wp-json\/wp\/v2\/es_floor_coverings?post=234195"},{"taxonomy":"es_feature","embeddable":true,"href":"https:\/\/arriendo.com\/co\/wp-json\/wp\/v2\/es_features?post=234195"},{"taxonomy":"es_amenity","embeddable":true,"href":"https:\/\/arriendo.com\/co\/wp-json\/wp\/v2\/es_amenities?post=234195"},{"taxonomy":"es_neighborhood","embeddable":true,"href":"https:\/\/arriendo.com\/co\/wp-json\/wp\/v2\/es_neighborhoods?post=234195"},{"taxonomy":"es_tag","embeddable":true,"href":"https:\/\/arriendo.com\/co\/wp-json\/wp\/v2\/es_tags?post=234195"}],"curies":[{"name":"wp","href":"https:\/\/api.w.org\/{rel}","templated":true}]}}