{"id":233647,"date":"2026-01-27T15:38:30","date_gmt":"2026-01-27T20:38:30","guid":{"rendered":"https:\/\/arriendo.com\/co\/%es_type%\/%address_city%\/%neighborhood%\/cali-bochalema-apartamento-en-arriendo-en-62ed03\/"},"modified":"2026-01-27T15:38:30","modified_gmt":"2026-01-27T20:38:30","slug":"AR-233647","status":"publish","type":"properties","link":"https:\/\/arriendo.com\/co\/apartamentos\/cali\/bochalema\/AR-233647\/","title":{"rendered":"Apartamento en Arriendo en Bochalema, Cali"},"content":{"rendered":"<p>Descubra la comodidad y el estilo en este hermoso apartamento amoblado de 63 m\u00b2 disponible para alquiler en la exclusiva Unidad Residencial Granadillo, ubicada en el vibrante barrio Bochalema, al sur de Cali. Disfrute de la cercan\u00eda a la Universidad Aut\u00f3noma y a los principales centros comerciales, garantizando una vida pr\u00e1ctica y llena de opciones.<\/p>\n<p>Situado en un noveno piso, este apartamento ofrece una vista panor\u00e1mica espectacular del sur de Cali. El inmueble incluye un nevec\u00f3n, horno, microondas, lavadora-secadora, estufa y extractor, todo en perfecto estado.<\/p>\n","protected":false},"excerpt":{"rendered":"Descubra la comodidad y el estilo en este hermoso apartamento...","protected":false},"author":8057,"featured_media":233650,"template":"","es_locations":[855,179],"es_categories":[124],"es_types":[114],"es_rent_periods":[],"es_labels":[],"es_statuses":[],"es_parkings":[],"es_roofs":[],"es_exterior_materials":[],"es_basements":[],"es_floor_coverings":[],"es_features":[2262,131,132,2212,2145,133,2146,2147,2148,2196,2132,2180,2272,2133,2181,2150,2136,2185,2152,2204],"es_amenities":[2267,152,2186,2217,2153,2154,2155,2156,2157,2197,2140,157,2273,158,2161,2143,161,2173,2162,2209],"es_neighborhoods":[],"es_tags":[],"class_list":["post-233647","properties","type-properties","status-publish","has-post-thumbnail","hentry","es_location-bochalema","es_location-cali","es_category-arriendo","es_type-apartamentos","es_feature-amoblado","es_feature-ascensor","es_feature-balcon","es_feature-bano-auxiliar","es_feature-calentador","es_feature-citofono","es_feature-cocina-integral","es_feature-cocina-tipo-americano","es_feature-colegios-universidades","es_feature-en-conjunto-cerrado","es_feature-parques-cercanos","es_feature-piscina","es_feature-piso-en-baldosa-marmol","es_feature-porteria-recepcion","es_feature-porteria-vigilancia","es_feature-supermercados-c-comerciales","es_feature-trans-publico-cercano","es_feature-zona-infantil","es_feature-zona-residencial","es_feature-zonas-verdes","es_amenity-amoblado","es_amenity-ascensor-privado","es_amenity-balcon","es_amenity-bano-auxiliar","es_amenity-calentador","es_amenity-citofono","es_amenity-cocina-integral","es_amenity-cocina-tipo-americano","es_amenity-colegios-universidades","es_amenity-en-conjunto-cerrado","es_amenity-parques-cercanos","es_amenity-piscina","es_amenity-piso-en-baldosa-marmol","es_amenity-porteria-recepcion","es_amenity-supermercados-c-comerciales","es_amenity-trans-publico-cercano","es_amenity-vigilancia-24-7","es_amenity-zona-infantil","es_amenity-zona-residencial","es_amenity-zonas-verdes","es-post-entity"],"_links":{"self":[{"href":"https:\/\/arriendo.com\/co\/wp-json\/wp\/v2\/properties\/233647","targetHints":{"allow":["GET"]}}],"collection":[{"href":"https:\/\/arriendo.com\/co\/wp-json\/wp\/v2\/properties"}],"about":[{"href":"https:\/\/arriendo.com\/co\/wp-json\/wp\/v2\/types\/properties"}],"author":[{"embeddable":true,"href":"https:\/\/arriendo.com\/co\/wp-json\/wp\/v2\/users\/8057"}],"version-history":[{"count":0,"href":"https:\/\/arriendo.com\/co\/wp-json\/wp\/v2\/properties\/233647\/revisions"}],"wp:featuredmedia":[{"embeddable":true,"href":"https:\/\/arriendo.com\/co\/wp-json\/wp\/v2\/media\/233650"}],"wp:attachment":[{"href":"https:\/\/arriendo.com\/co\/wp-json\/wp\/v2\/media?parent=233647"}],"wp:term":[{"taxonomy":"es_location","embeddable":true,"href":"https:\/\/arriendo.com\/co\/wp-json\/wp\/v2\/es_locations?post=233647"},{"taxonomy":"es_category","embeddable":true,"href":"https:\/\/arriendo.com\/co\/wp-json\/wp\/v2\/es_categories?post=233647"},{"taxonomy":"es_type","embeddable":true,"href":"https:\/\/arriendo.com\/co\/wp-json\/wp\/v2\/es_types?post=233647"},{"taxonomy":"es_rent_period","embeddable":true,"href":"https:\/\/arriendo.com\/co\/wp-json\/wp\/v2\/es_rent_periods?post=233647"},{"taxonomy":"es_label","embeddable":true,"href":"https:\/\/arriendo.com\/co\/wp-json\/wp\/v2\/es_labels?post=233647"},{"taxonomy":"es_status","embeddable":true,"href":"https:\/\/arriendo.com\/co\/wp-json\/wp\/v2\/es_statuses?post=233647"},{"taxonomy":"es_parking","embeddable":true,"href":"https:\/\/arriendo.com\/co\/wp-json\/wp\/v2\/es_parkings?post=233647"},{"taxonomy":"es_roof","embeddable":true,"href":"https:\/\/arriendo.com\/co\/wp-json\/wp\/v2\/es_roofs?post=233647"},{"taxonomy":"es_exterior_material","embeddable":true,"href":"https:\/\/arriendo.com\/co\/wp-json\/wp\/v2\/es_exterior_materials?post=233647"},{"taxonomy":"es_basement","embeddable":true,"href":"https:\/\/arriendo.com\/co\/wp-json\/wp\/v2\/es_basements?post=233647"},{"taxonomy":"es_floor_covering","embeddable":true,"href":"https:\/\/arriendo.com\/co\/wp-json\/wp\/v2\/es_floor_coverings?post=233647"},{"taxonomy":"es_feature","embeddable":true,"href":"https:\/\/arriendo.com\/co\/wp-json\/wp\/v2\/es_features?post=233647"},{"taxonomy":"es_amenity","embeddable":true,"href":"https:\/\/arriendo.com\/co\/wp-json\/wp\/v2\/es_amenities?post=233647"},{"taxonomy":"es_neighborhood","embeddable":true,"href":"https:\/\/arriendo.com\/co\/wp-json\/wp\/v2\/es_neighborhoods?post=233647"},{"taxonomy":"es_tag","embeddable":true,"href":"https:\/\/arriendo.com\/co\/wp-json\/wp\/v2\/es_tags?post=233647"}],"curies":[{"name":"wp","href":"https:\/\/api.w.org\/{rel}","templated":true}]}}