{"id":226289,"date":"2026-01-23T08:08:53","date_gmt":"2026-01-23T13:08:53","guid":{"rendered":"https:\/\/arriendo.com\/co\/%es_type%\/%address_city%\/%neighborhood%\/bogota-fontibon-local-en-arriendo-en-5d8f82\/"},"modified":"2026-01-23T08:08:53","modified_gmt":"2026-01-23T13:08:53","slug":"ar-226289","status":"publish","type":"properties","link":"https:\/\/arriendo.com\/co\/locales\/bogota\/fontibon\/ar-226289\/","title":{"rendered":"Local en Arriendo en Fontibon, Bogot\u00e1"},"content":{"rendered":"<p>Ubicado estrat\u00e9gicamente en el primer piso del prestigioso Centro Comercial Fiesta Fontib\u00f3n, este local representa una oportunidad inigualable en el epicentro comercial de Fontib\u00f3n. Disfrute de la comodidad de un amplio parqueadero para visitantes y la tranquilidad que ofrece un servicio de vigilancia 24 horas, garantizando un entorno seguro y accesible para su negocio.<\/p>\n","protected":false},"excerpt":{"rendered":"Ubicado estrat\u00e9gicamente en el primer piso del prestigioso Centro Comercial...","protected":false},"author":8086,"featured_media":226292,"template":"","es_locations":[110,77,218],"es_categories":[124],"es_types":[117],"es_rent_periods":[],"es_labels":[],"es_statuses":[],"es_parkings":[],"es_roofs":[],"es_exterior_materials":[],"es_basements":[],"es_floor_coverings":[],"es_features":[131,2131,2454,2455,2216,2132,2488,2365,2135,143,2242,2137],"es_amenities":[152,2139,2456,2457,156,2140,2489,2366,2142,2290,2260,2144],"es_neighborhoods":[],"es_tags":[],"class_list":["post-226289","properties","type-properties","status-publish","has-post-thumbnail","hentry","es_location-bogota","es_location-bogota-d-c","es_location-fontibon","es_category-arriendo","es_type-locales","es_feature-ascensor","es_feature-circuito-cerrado-de-tv","es_feature-en-centro-comercial","es_feature-local-interior","es_feature-parqueadero-visitantes","es_feature-parques-cercanos","es_feature-pasaje-comercial","es_feature-planta-electrica","es_feature-sobre-via-principal","es_feature-terraza","es_feature-vigilancia-privada-247","es_feature-zona-comercial","es_amenity-ascensor-privado","es_amenity-circuito-cerrado-de-tv","es_amenity-en-centro-comercial","es_amenity-local-interior","es_amenity-parqueadero-visitantes","es_amenity-parques-cercanos","es_amenity-pasaje-comercial","es_amenity-planta-electrica","es_amenity-sobre-via-principal","es_amenity-terraza","es_amenity-vigilancia-privada-247","es_amenity-zona-comercial","es-post-entity"],"_links":{"self":[{"href":"https:\/\/arriendo.com\/co\/wp-json\/wp\/v2\/properties\/226289","targetHints":{"allow":["GET"]}}],"collection":[{"href":"https:\/\/arriendo.com\/co\/wp-json\/wp\/v2\/properties"}],"about":[{"href":"https:\/\/arriendo.com\/co\/wp-json\/wp\/v2\/types\/properties"}],"author":[{"embeddable":true,"href":"https:\/\/arriendo.com\/co\/wp-json\/wp\/v2\/users\/8086"}],"version-history":[{"count":0,"href":"https:\/\/arriendo.com\/co\/wp-json\/wp\/v2\/properties\/226289\/revisions"}],"wp:featuredmedia":[{"embeddable":true,"href":"https:\/\/arriendo.com\/co\/wp-json\/wp\/v2\/media\/226292"}],"wp:attachment":[{"href":"https:\/\/arriendo.com\/co\/wp-json\/wp\/v2\/media?parent=226289"}],"wp:term":[{"taxonomy":"es_location","embeddable":true,"href":"https:\/\/arriendo.com\/co\/wp-json\/wp\/v2\/es_locations?post=226289"},{"taxonomy":"es_category","embeddable":true,"href":"https:\/\/arriendo.com\/co\/wp-json\/wp\/v2\/es_categories?post=226289"},{"taxonomy":"es_type","embeddable":true,"href":"https:\/\/arriendo.com\/co\/wp-json\/wp\/v2\/es_types?post=226289"},{"taxonomy":"es_rent_period","embeddable":true,"href":"https:\/\/arriendo.com\/co\/wp-json\/wp\/v2\/es_rent_periods?post=226289"},{"taxonomy":"es_label","embeddable":true,"href":"https:\/\/arriendo.com\/co\/wp-json\/wp\/v2\/es_labels?post=226289"},{"taxonomy":"es_status","embeddable":true,"href":"https:\/\/arriendo.com\/co\/wp-json\/wp\/v2\/es_statuses?post=226289"},{"taxonomy":"es_parking","embeddable":true,"href":"https:\/\/arriendo.com\/co\/wp-json\/wp\/v2\/es_parkings?post=226289"},{"taxonomy":"es_roof","embeddable":true,"href":"https:\/\/arriendo.com\/co\/wp-json\/wp\/v2\/es_roofs?post=226289"},{"taxonomy":"es_exterior_material","embeddable":true,"href":"https:\/\/arriendo.com\/co\/wp-json\/wp\/v2\/es_exterior_materials?post=226289"},{"taxonomy":"es_basement","embeddable":true,"href":"https:\/\/arriendo.com\/co\/wp-json\/wp\/v2\/es_basements?post=226289"},{"taxonomy":"es_floor_covering","embeddable":true,"href":"https:\/\/arriendo.com\/co\/wp-json\/wp\/v2\/es_floor_coverings?post=226289"},{"taxonomy":"es_feature","embeddable":true,"href":"https:\/\/arriendo.com\/co\/wp-json\/wp\/v2\/es_features?post=226289"},{"taxonomy":"es_amenity","embeddable":true,"href":"https:\/\/arriendo.com\/co\/wp-json\/wp\/v2\/es_amenities?post=226289"},{"taxonomy":"es_neighborhood","embeddable":true,"href":"https:\/\/arriendo.com\/co\/wp-json\/wp\/v2\/es_neighborhoods?post=226289"},{"taxonomy":"es_tag","embeddable":true,"href":"https:\/\/arriendo.com\/co\/wp-json\/wp\/v2\/es_tags?post=226289"}],"curies":[{"name":"wp","href":"https:\/\/api.w.org\/{rel}","templated":true}]}}