{"id":22525,"date":"2024-12-02T10:54:41","date_gmt":"2024-12-02T15:54:41","guid":{"rendered":"https:\/\/arriendo.com\/co\/%es_type%\/\/%neighborhood%\/vqw1Wu5H0\/"},"modified":"2026-01-29T10:17:18","modified_gmt":"2026-01-29T15:17:18","slug":"AR-22525","status":"publish","type":"properties","link":"https:\/\/arriendo.com\/co\/apartamentos\/bogota\/orquideas\/AR-22525\/","title":{"rendered":"Apartamento para arriendo en Orqu\u00eddeas Bogot\u00e1 con 55m\u00b2"},"content":{"rendered":"<p data-start=\"1100\" data-end=\"1427\">Este <strong data-start=\"1105\" data-end=\"1152\">apartamento para arriendo en Orqu\u00eddeas, <\/strong><strong>d\u00faplex<\/strong>es una excelente opci\u00f3n para quienes buscan un espacio c\u00f3modo, funcional y bien ubicado en Bogot\u00e1. Con un \u00e1rea de <strong data-start=\"1267\" data-end=\"1276\">55 m\u00b2<\/strong>, el inmueble se encuentra en un <strong data-start=\"1309\" data-end=\"1324\">quinto piso<\/strong> y ofrece una distribuci\u00f3n pensada para aprovechar la iluminaci\u00f3n natural y crear un ambiente acogedor.<\/p>\n<p data-start=\"1429\" data-end=\"1725\">El apartamento cuenta con <strong data-start=\"1455\" data-end=\"1475\">dos habitaciones<\/strong>, <strong data-start=\"1477\" data-end=\"1490\">dos ba\u00f1os<\/strong>, incluyendo <strong data-start=\"1503\" data-end=\"1520\">ba\u00f1o auxiliar<\/strong>, y un <strong data-start=\"1527\" data-end=\"1546\">hall de alcobas<\/strong> que aporta orden y privacidad a la zona privada. La <strong data-start=\"1599\" data-end=\"1618\">cocina integral<\/strong> est\u00e1 dise\u00f1ada para facilitar el uso diario y se integra arm\u00f3nicamente con los dem\u00e1s espacios del inmueble.<\/p>\n<p data-start=\"1727\" data-end=\"2022\">Incluye <strong data-start=\"1735\" data-end=\"1758\">parqueadero privado<\/strong>, un valor agregado que brinda comodidad y seguridad. Su ubicaci\u00f3n en el sector de Orqu\u00eddeas permite f\u00e1cil acceso a <strong data-start=\"1874\" data-end=\"1940\">colegios, supermercados, v\u00edas principales y transporte p\u00fablico<\/strong>, convirti\u00e9ndolo en una alternativa ideal para una vida pr\u00e1ctica y bien conectada.<\/p>\n<hr data-start=\"2128\" data-end=\"2131\" \/>\n<h2 data-start=\"2133\" data-end=\"2164\"><strong data-start=\"2136\" data-end=\"2164\">Informaci\u00f3n del inmueble<\/strong><\/h2>\n<div class=\"TyagGW_tableContainer\">\n<div class=\"group TyagGW_tableWrapper flex flex-col-reverse w-fit\">\n<table class=\"w-fit min-w-(--thread-content-width)\" data-start=\"2166\" data-end=\"2489\">\n<thead data-start=\"2166\" data-end=\"2197\">\n<tr data-start=\"2166\" data-end=\"2197\">\n<th data-start=\"2166\" data-end=\"2178\" data-col-size=\"sm\"><strong data-start=\"2168\" data-end=\"2177\">Datos<\/strong><\/th>\n<th data-start=\"2178\" data-end=\"2197\" data-col-size=\"sm\"><strong data-start=\"2180\" data-end=\"2195\">Descripci\u00f3n<\/strong><\/th>\n<\/tr>\n<\/thead>\n<tbody data-start=\"2208\" data-end=\"2489\">\n<tr data-start=\"2208\" data-end=\"2253\">\n<td data-start=\"2208\" data-end=\"2231\" data-col-size=\"sm\"><strong data-start=\"2210\" data-end=\"2230\">Tipo de inmueble<\/strong><\/td>\n<td data-start=\"2231\" data-end=\"2253\" data-col-size=\"sm\">Apartamento d\u00faplex<\/td>\n<\/tr>\n<tr data-start=\"2254\" data-end=\"2291\">\n<td data-start=\"2254\" data-end=\"2270\" data-col-size=\"sm\"><strong data-start=\"2256\" data-end=\"2269\">Ubicaci\u00f3n<\/strong><\/td>\n<td data-start=\"2270\" data-end=\"2291\" data-col-size=\"sm\">Orqu\u00eddeas, Bogot\u00e1<\/td>\n<\/tr>\n<tr data-start=\"2292\" data-end=\"2312\">\n<td data-start=\"2292\" data-end=\"2303\" data-col-size=\"sm\"><strong data-start=\"2294\" data-end=\"2302\">\u00c1rea<\/strong><\/td>\n<td data-start=\"2303\" data-end=\"2312\" data-col-size=\"sm\">55 m\u00b2<\/td>\n<\/tr>\n<tr data-start=\"2313\" data-end=\"2334\">\n<td data-start=\"2313\" data-end=\"2324\" data-col-size=\"sm\"><strong data-start=\"2315\" data-end=\"2323\">Piso<\/strong><\/td>\n<td data-start=\"2324\" data-end=\"2334\" data-col-size=\"sm\">Quinto<\/td>\n<\/tr>\n<tr data-start=\"2335\" data-end=\"2359\">\n<td data-start=\"2335\" data-end=\"2354\" data-col-size=\"sm\"><strong data-start=\"2337\" data-end=\"2353\">Habitaciones<\/strong><\/td>\n<td data-start=\"2354\" data-end=\"2359\" data-col-size=\"sm\">2<\/td>\n<\/tr>\n<tr data-start=\"2360\" data-end=\"2377\">\n<td data-start=\"2360\" data-end=\"2372\" data-col-size=\"sm\"><strong data-start=\"2362\" data-end=\"2371\">Ba\u00f1os<\/strong><\/td>\n<td data-start=\"2372\" data-end=\"2377\" data-col-size=\"sm\">2<\/td>\n<\/tr>\n<tr data-start=\"2378\" data-end=\"2404\">\n<td data-start=\"2378\" data-end=\"2398\" data-col-size=\"sm\"><strong data-start=\"2380\" data-end=\"2397\">Ba\u00f1o auxiliar<\/strong><\/td>\n<td data-start=\"2398\" data-end=\"2404\" data-col-size=\"sm\">S\u00ed<\/td>\n<\/tr>\n<tr data-start=\"2405\" data-end=\"2433\">\n<td data-start=\"2405\" data-end=\"2427\" data-col-size=\"sm\"><strong data-start=\"2407\" data-end=\"2426\">Hall de alcobas<\/strong><\/td>\n<td data-start=\"2427\" data-end=\"2433\" data-col-size=\"sm\">S\u00ed<\/td>\n<\/tr>\n<tr data-start=\"2434\" data-end=\"2459\">\n<td data-start=\"2434\" data-end=\"2447\" data-col-size=\"sm\"><strong data-start=\"2436\" data-end=\"2446\">Cocina<\/strong><\/td>\n<td data-start=\"2447\" data-end=\"2459\" data-col-size=\"sm\">Integral<\/td>\n<\/tr>\n<tr data-start=\"2460\" data-end=\"2489\">\n<td data-start=\"2460\" data-end=\"2478\" data-col-size=\"sm\"><strong data-start=\"2462\" data-end=\"2477\">Parqueadero<\/strong><\/td>\n<td data-start=\"2478\" data-end=\"2489\" data-col-size=\"sm\">Privado<\/td>\n<\/tr>\n<\/tbody>\n<\/table>\n<\/div>\n<\/div>\n","protected":false},"excerpt":{"rendered":"Este apartamento para arriendo en Orqu\u00eddeas, d\u00faplexes una excelente opci\u00f3n...","protected":false},"author":1700,"featured_media":22532,"template":"","es_locations":[110,418,751,192],"es_categories":[124],"es_types":[114],"es_rent_periods":[],"es_labels":[51],"es_statuses":[126],"es_parkings":[],"es_roofs":[],"es_exterior_materials":[],"es_basements":[],"es_floor_coverings":[],"es_features":[],"es_amenities":[],"es_neighborhoods":[],"es_tags":[],"class_list":["post-22525","properties","type-properties","status-publish","has-post-thumbnail","hentry","es_location-bogota","es_location-colombia","es_location-orquideas","es_location-usaquen","es_category-arriendo","es_type-apartamentos","es_label-featured","es_status-usado","es-post-entity"],"_links":{"self":[{"href":"https:\/\/arriendo.com\/co\/wp-json\/wp\/v2\/properties\/22525","targetHints":{"allow":["GET"]}}],"collection":[{"href":"https:\/\/arriendo.com\/co\/wp-json\/wp\/v2\/properties"}],"about":[{"href":"https:\/\/arriendo.com\/co\/wp-json\/wp\/v2\/types\/properties"}],"author":[{"embeddable":true,"href":"https:\/\/arriendo.com\/co\/wp-json\/wp\/v2\/users\/1700"}],"version-history":[{"count":0,"href":"https:\/\/arriendo.com\/co\/wp-json\/wp\/v2\/properties\/22525\/revisions"}],"wp:featuredmedia":[{"embeddable":true,"href":"https:\/\/arriendo.com\/co\/wp-json\/wp\/v2\/media\/22532"}],"wp:attachment":[{"href":"https:\/\/arriendo.com\/co\/wp-json\/wp\/v2\/media?parent=22525"}],"wp:term":[{"taxonomy":"es_location","embeddable":true,"href":"https:\/\/arriendo.com\/co\/wp-json\/wp\/v2\/es_locations?post=22525"},{"taxonomy":"es_category","embeddable":true,"href":"https:\/\/arriendo.com\/co\/wp-json\/wp\/v2\/es_categories?post=22525"},{"taxonomy":"es_type","embeddable":true,"href":"https:\/\/arriendo.com\/co\/wp-json\/wp\/v2\/es_types?post=22525"},{"taxonomy":"es_rent_period","embeddable":true,"href":"https:\/\/arriendo.com\/co\/wp-json\/wp\/v2\/es_rent_periods?post=22525"},{"taxonomy":"es_label","embeddable":true,"href":"https:\/\/arriendo.com\/co\/wp-json\/wp\/v2\/es_labels?post=22525"},{"taxonomy":"es_status","embeddable":true,"href":"https:\/\/arriendo.com\/co\/wp-json\/wp\/v2\/es_statuses?post=22525"},{"taxonomy":"es_parking","embeddable":true,"href":"https:\/\/arriendo.com\/co\/wp-json\/wp\/v2\/es_parkings?post=22525"},{"taxonomy":"es_roof","embeddable":true,"href":"https:\/\/arriendo.com\/co\/wp-json\/wp\/v2\/es_roofs?post=22525"},{"taxonomy":"es_exterior_material","embeddable":true,"href":"https:\/\/arriendo.com\/co\/wp-json\/wp\/v2\/es_exterior_materials?post=22525"},{"taxonomy":"es_basement","embeddable":true,"href":"https:\/\/arriendo.com\/co\/wp-json\/wp\/v2\/es_basements?post=22525"},{"taxonomy":"es_floor_covering","embeddable":true,"href":"https:\/\/arriendo.com\/co\/wp-json\/wp\/v2\/es_floor_coverings?post=22525"},{"taxonomy":"es_feature","embeddable":true,"href":"https:\/\/arriendo.com\/co\/wp-json\/wp\/v2\/es_features?post=22525"},{"taxonomy":"es_amenity","embeddable":true,"href":"https:\/\/arriendo.com\/co\/wp-json\/wp\/v2\/es_amenities?post=22525"},{"taxonomy":"es_neighborhood","embeddable":true,"href":"https:\/\/arriendo.com\/co\/wp-json\/wp\/v2\/es_neighborhoods?post=22525"},{"taxonomy":"es_tag","embeddable":true,"href":"https:\/\/arriendo.com\/co\/wp-json\/wp\/v2\/es_tags?post=22525"}],"curies":[{"name":"wp","href":"https:\/\/api.w.org\/{rel}","templated":true}]}}