{"id":222345,"date":"2026-01-22T10:52:24","date_gmt":"2026-01-22T15:52:24","guid":{"rendered":"https:\/\/arriendo.com\/co\/%es_type%\/%address_city%\/%neighborhood%\/bogota-belalcazar-habitacion-en-arriendo-en-841a50\/"},"modified":"2026-01-22T10:52:24","modified_gmt":"2026-01-22T15:52:24","slug":"ar-222345","status":"publish","type":"properties","link":"https:\/\/arriendo.com\/co\/habitaciones\/bogota\/belalcazar\/ar-222345\/","title":{"rendered":"Habitaci\u00f3n en Arriendo en Belalcazar"},"content":{"rendered":"<p>Descubra esta espaciosa habitaci\u00f3n exterior, ba\u00f1ada en luz natural y con excelente ventilaci\u00f3n, ideal para su confort. Disfrute de la comodidad de un ba\u00f1o compartido en un amplio apartamento que ofrece \u00e1reas comunes completamente amobladas, incluyendo una moderna cocina, una acogedora sala y una pr\u00e1ctica zona de lavander\u00eda-comedor de uso comunal. El valor del arriendo es todo incluido, cubriendo servicios p\u00fablicos e internet, simplificando su presupuesto. Ubicado estrat\u00e9gicamente, tendr\u00e1 a su alcance una vibrante oferta de \u00e1reas comerciales, restaurantes y cafeter\u00edas, adem\u00e1s de contar con f\u00e1cil acceso al servicio de transporte p\u00fablico, garantizando una vida urbana din\u00e1mica y conectada.<\/p>\n","protected":false},"excerpt":{"rendered":"Descubra esta espaciosa habitaci\u00f3n exterior, ba\u00f1ada en luz natural y...","protected":false},"author":6718,"featured_media":216046,"template":"","es_locations":[1850,110,77],"es_categories":[124],"es_types":[123],"es_rent_periods":[],"es_labels":[],"es_statuses":[],"es_parkings":[],"es_roofs":[],"es_exterior_materials":[],"es_basements":[],"es_floor_coverings":[],"es_features":[133,2146,2148,2272,2150,2136,2151],"es_amenities":[2154,2155,2157,2273,2161,2143,162],"es_neighborhoods":[],"es_tags":[],"class_list":["post-222345","properties","type-properties","status-publish","has-post-thumbnail","hentry","es_location-belalcazar","es_location-bogota","es_location-bogota-d-c","es_category-arriendo","es_type-habitaciones","es_feature-citofono","es_feature-cocina-integral","es_feature-colegios-universidades","es_feature-piso-en-baldosa-marmol","es_feature-supermercados-c-comerciales","es_feature-trans-publico-cercano","es_feature-zona-de-lavanderia","es_amenity-citofono","es_amenity-cocina-integral","es_amenity-colegios-universidades","es_amenity-piso-en-baldosa-marmol","es_amenity-supermercados-c-comerciales","es_amenity-trans-publico-cercano","es_amenity-zona-de-lavanderia","es-post-entity"],"_links":{"self":[{"href":"https:\/\/arriendo.com\/co\/wp-json\/wp\/v2\/properties\/222345","targetHints":{"allow":["GET"]}}],"collection":[{"href":"https:\/\/arriendo.com\/co\/wp-json\/wp\/v2\/properties"}],"about":[{"href":"https:\/\/arriendo.com\/co\/wp-json\/wp\/v2\/types\/properties"}],"author":[{"embeddable":true,"href":"https:\/\/arriendo.com\/co\/wp-json\/wp\/v2\/users\/6718"}],"version-history":[{"count":0,"href":"https:\/\/arriendo.com\/co\/wp-json\/wp\/v2\/properties\/222345\/revisions"}],"wp:featuredmedia":[{"embeddable":true,"href":"https:\/\/arriendo.com\/co\/wp-json\/wp\/v2\/media\/216046"}],"wp:attachment":[{"href":"https:\/\/arriendo.com\/co\/wp-json\/wp\/v2\/media?parent=222345"}],"wp:term":[{"taxonomy":"es_location","embeddable":true,"href":"https:\/\/arriendo.com\/co\/wp-json\/wp\/v2\/es_locations?post=222345"},{"taxonomy":"es_category","embeddable":true,"href":"https:\/\/arriendo.com\/co\/wp-json\/wp\/v2\/es_categories?post=222345"},{"taxonomy":"es_type","embeddable":true,"href":"https:\/\/arriendo.com\/co\/wp-json\/wp\/v2\/es_types?post=222345"},{"taxonomy":"es_rent_period","embeddable":true,"href":"https:\/\/arriendo.com\/co\/wp-json\/wp\/v2\/es_rent_periods?post=222345"},{"taxonomy":"es_label","embeddable":true,"href":"https:\/\/arriendo.com\/co\/wp-json\/wp\/v2\/es_labels?post=222345"},{"taxonomy":"es_status","embeddable":true,"href":"https:\/\/arriendo.com\/co\/wp-json\/wp\/v2\/es_statuses?post=222345"},{"taxonomy":"es_parking","embeddable":true,"href":"https:\/\/arriendo.com\/co\/wp-json\/wp\/v2\/es_parkings?post=222345"},{"taxonomy":"es_roof","embeddable":true,"href":"https:\/\/arriendo.com\/co\/wp-json\/wp\/v2\/es_roofs?post=222345"},{"taxonomy":"es_exterior_material","embeddable":true,"href":"https:\/\/arriendo.com\/co\/wp-json\/wp\/v2\/es_exterior_materials?post=222345"},{"taxonomy":"es_basement","embeddable":true,"href":"https:\/\/arriendo.com\/co\/wp-json\/wp\/v2\/es_basements?post=222345"},{"taxonomy":"es_floor_covering","embeddable":true,"href":"https:\/\/arriendo.com\/co\/wp-json\/wp\/v2\/es_floor_coverings?post=222345"},{"taxonomy":"es_feature","embeddable":true,"href":"https:\/\/arriendo.com\/co\/wp-json\/wp\/v2\/es_features?post=222345"},{"taxonomy":"es_amenity","embeddable":true,"href":"https:\/\/arriendo.com\/co\/wp-json\/wp\/v2\/es_amenities?post=222345"},{"taxonomy":"es_neighborhood","embeddable":true,"href":"https:\/\/arriendo.com\/co\/wp-json\/wp\/v2\/es_neighborhoods?post=222345"},{"taxonomy":"es_tag","embeddable":true,"href":"https:\/\/arriendo.com\/co\/wp-json\/wp\/v2\/es_tags?post=222345"}],"curies":[{"name":"wp","href":"https:\/\/api.w.org\/{rel}","templated":true}]}}