{"id":221995,"date":"2026-01-22T08:16:42","date_gmt":"2026-01-22T13:16:42","guid":{"rendered":"https:\/\/arriendo.com\/co\/%es_type%\/%address_city%\/%neighborhood%\/santa-marta-centro-local-en-arriendo-en-aa0ff4\/"},"modified":"2026-01-22T08:16:42","modified_gmt":"2026-01-22T13:16:42","slug":"ar-221995","status":"publish","type":"properties","link":"https:\/\/arriendo.com\/co\/locales\/santa-marta\/centro\/ar-221995\/","title":{"rendered":"Local en Arriendo en Centro, Santa marta"},"content":{"rendered":"<p>Maravilloso local con \u00e1rea de 389 mts, con posibilidad de anexar un 2do piso de 130 mts, esquina Calle 14 con Carrera 3, en el Centro Hist\u00f3rico de Santa Marta. Diagonal a la Alcald\u00eda, a 1 cuadra del Parque Bol\u00edvar y a 2 cuadras del Malec\u00f3n de la bah\u00eda de Santa Marta. En su entorno cuenta con proximidad de hoteles, restaurantes, museos, bancos y farmacias.<\/p>\n","protected":false},"excerpt":{"rendered":"Maravilloso local con \u00e1rea de 389 mts, con posibilidad de...","protected":false},"author":7936,"featured_media":213447,"template":"","es_locations":[505,96,234],"es_categories":[124],"es_types":[117],"es_rent_periods":[],"es_labels":[],"es_statuses":[],"es_parkings":[],"es_roofs":[],"es_exterior_materials":[],"es_basements":[],"es_floor_coverings":[],"es_features":[149,2132,2488,2337,2283,2135,2137],"es_amenities":[2329,2140,2489,2340,2288,2142,2144],"es_neighborhoods":[],"es_tags":[],"class_list":["post-221995","properties","type-properties","status-publish","has-post-thumbnail","hentry","es_location-centro","es_location-magdalena","es_location-santa-marta","es_category-arriendo","es_type-locales","es_feature-aire-acondicionado","es_feature-parques-cercanos","es_feature-pasaje-comercial","es_feature-piso-en-cemento","es_feature-servicio-de-internet","es_feature-sobre-via-principal","es_feature-zona-comercial","es_amenity-aire-acondicionado","es_amenity-parques-cercanos","es_amenity-pasaje-comercial","es_amenity-piso-en-cemento","es_amenity-servicio-de-internet","es_amenity-sobre-via-principal","es_amenity-zona-comercial","es-post-entity"],"_links":{"self":[{"href":"https:\/\/arriendo.com\/co\/wp-json\/wp\/v2\/properties\/221995","targetHints":{"allow":["GET"]}}],"collection":[{"href":"https:\/\/arriendo.com\/co\/wp-json\/wp\/v2\/properties"}],"about":[{"href":"https:\/\/arriendo.com\/co\/wp-json\/wp\/v2\/types\/properties"}],"author":[{"embeddable":true,"href":"https:\/\/arriendo.com\/co\/wp-json\/wp\/v2\/users\/7936"}],"version-history":[{"count":0,"href":"https:\/\/arriendo.com\/co\/wp-json\/wp\/v2\/properties\/221995\/revisions"}],"wp:featuredmedia":[{"embeddable":true,"href":"https:\/\/arriendo.com\/co\/wp-json\/wp\/v2\/media\/213447"}],"wp:attachment":[{"href":"https:\/\/arriendo.com\/co\/wp-json\/wp\/v2\/media?parent=221995"}],"wp:term":[{"taxonomy":"es_location","embeddable":true,"href":"https:\/\/arriendo.com\/co\/wp-json\/wp\/v2\/es_locations?post=221995"},{"taxonomy":"es_category","embeddable":true,"href":"https:\/\/arriendo.com\/co\/wp-json\/wp\/v2\/es_categories?post=221995"},{"taxonomy":"es_type","embeddable":true,"href":"https:\/\/arriendo.com\/co\/wp-json\/wp\/v2\/es_types?post=221995"},{"taxonomy":"es_rent_period","embeddable":true,"href":"https:\/\/arriendo.com\/co\/wp-json\/wp\/v2\/es_rent_periods?post=221995"},{"taxonomy":"es_label","embeddable":true,"href":"https:\/\/arriendo.com\/co\/wp-json\/wp\/v2\/es_labels?post=221995"},{"taxonomy":"es_status","embeddable":true,"href":"https:\/\/arriendo.com\/co\/wp-json\/wp\/v2\/es_statuses?post=221995"},{"taxonomy":"es_parking","embeddable":true,"href":"https:\/\/arriendo.com\/co\/wp-json\/wp\/v2\/es_parkings?post=221995"},{"taxonomy":"es_roof","embeddable":true,"href":"https:\/\/arriendo.com\/co\/wp-json\/wp\/v2\/es_roofs?post=221995"},{"taxonomy":"es_exterior_material","embeddable":true,"href":"https:\/\/arriendo.com\/co\/wp-json\/wp\/v2\/es_exterior_materials?post=221995"},{"taxonomy":"es_basement","embeddable":true,"href":"https:\/\/arriendo.com\/co\/wp-json\/wp\/v2\/es_basements?post=221995"},{"taxonomy":"es_floor_covering","embeddable":true,"href":"https:\/\/arriendo.com\/co\/wp-json\/wp\/v2\/es_floor_coverings?post=221995"},{"taxonomy":"es_feature","embeddable":true,"href":"https:\/\/arriendo.com\/co\/wp-json\/wp\/v2\/es_features?post=221995"},{"taxonomy":"es_amenity","embeddable":true,"href":"https:\/\/arriendo.com\/co\/wp-json\/wp\/v2\/es_amenities?post=221995"},{"taxonomy":"es_neighborhood","embeddable":true,"href":"https:\/\/arriendo.com\/co\/wp-json\/wp\/v2\/es_neighborhoods?post=221995"},{"taxonomy":"es_tag","embeddable":true,"href":"https:\/\/arriendo.com\/co\/wp-json\/wp\/v2\/es_tags?post=221995"}],"curies":[{"name":"wp","href":"https:\/\/api.w.org\/{rel}","templated":true}]}}