{"id":208665,"date":"2026-01-09T17:02:26","date_gmt":"2026-01-09T22:02:26","guid":{"rendered":"https:\/\/arriendo.com\/co\/%es_type%\/\/%neighborhood%\/AR-0\/"},"modified":"2026-01-09T17:02:26","modified_gmt":"2026-01-09T22:02:26","slug":"ar-208665","status":"publish","type":"properties","link":"https:\/\/arriendo.com\/co\/apartamentos\/bogota\/bella-suiza\/ar-208665\/","title":{"rendered":"Apartamento en Arriendo en Bella suiza, Bogot\u00e1"},"content":{"rendered":"<p>EXCELENTE APARTAMENTO AMOBLADO . 78 M2. Tercer piso Interior. Iluminado, Tranquilo. Piso Laminado .  Sala comedor con chimenea, 2 alcobas  con closet,  2 ba\u00f1os. Parqueadero cubierto. Excelente ubicaci\u00f3n,  sector residencial y muy recursivo. Cerca Cl\u00ednica El Bosque, Fundaci\u00f3n Santafe, Centro comercial Unicentro, Centro comercial Palatino. Transporte p\u00f9blico cercano, supermercados, Bancos, Restaurantes.   Facil acceso Cra 7, Av 9, Cra 15, calle 127, calle 134. Mayor informacion: Zully Ramos<\/p>\n","protected":false},"excerpt":{"rendered":"EXCELENTE APARTAMENTO AMOBLADO . 78 M2. Tercer piso Interior. Iluminado,...","protected":false},"author":8396,"featured_media":208667,"template":"","es_locations":[197,110,77],"es_categories":[124],"es_types":[114],"es_rent_periods":[],"es_labels":[],"es_statuses":[126],"es_parkings":[],"es_roofs":[],"es_exterior_materials":[],"es_basements":[],"es_floor_coverings":[],"es_features":[2262,131,132,2263,2145,134,2131,133,2146,2147,2148,2149,2216,2132,2365,2133,2181,2150,2136,2151,2152,2204],"es_amenities":[2267,152,2186,2269,2153,2313,2139,2154,2155,2156,2157,2159,156,2140,2366,158,2161,2143,161,162,2162,2209],"es_neighborhoods":[],"es_tags":[],"class_list":["post-208665","properties","type-properties","status-publish","has-post-thumbnail","hentry","es_location-bella-suiza","es_location-bogota","es_location-bogota-d-c","es_category-arriendo","es_type-apartamentos","es_status-usado","es_feature-amoblado","es_feature-ascensor","es_feature-balcon","es_feature-barra-estilo-americano","es_feature-calentador","es_feature-chimenea","es_feature-circuito-cerrado-de-tv","es_feature-citofono","es_feature-cocina-integral","es_feature-cocina-tipo-americano","es_feature-colegios-universidades","es_feature-garajes","es_feature-parqueadero-visitantes","es_feature-parques-cercanos","es_feature-planta-electrica","es_feature-porteria-recepcion","es_feature-porteria-vigilancia","es_feature-supermercados-c-comerciales","es_feature-trans-publico-cercano","es_feature-zona-de-lavanderia","es_feature-zona-residencial","es_feature-zonas-verdes","es_amenity-amoblado","es_amenity-ascensor-privado","es_amenity-balcon","es_amenity-barra-estilo-americano","es_amenity-calentador","es_amenity-chimenea","es_amenity-circuito-cerrado-de-tv","es_amenity-citofono","es_amenity-cocina-integral","es_amenity-cocina-tipo-americano","es_amenity-colegios-universidades","es_amenity-garajes","es_amenity-parqueadero-visitantes","es_amenity-parques-cercanos","es_amenity-planta-electrica","es_amenity-porteria-recepcion","es_amenity-supermercados-c-comerciales","es_amenity-trans-publico-cercano","es_amenity-vigilancia-24-7","es_amenity-zona-de-lavanderia","es_amenity-zona-residencial","es_amenity-zonas-verdes","es-post-entity"],"_links":{"self":[{"href":"https:\/\/arriendo.com\/co\/wp-json\/wp\/v2\/properties\/208665","targetHints":{"allow":["GET"]}}],"collection":[{"href":"https:\/\/arriendo.com\/co\/wp-json\/wp\/v2\/properties"}],"about":[{"href":"https:\/\/arriendo.com\/co\/wp-json\/wp\/v2\/types\/properties"}],"author":[{"embeddable":true,"href":"https:\/\/arriendo.com\/co\/wp-json\/wp\/v2\/users\/8396"}],"version-history":[{"count":0,"href":"https:\/\/arriendo.com\/co\/wp-json\/wp\/v2\/properties\/208665\/revisions"}],"wp:featuredmedia":[{"embeddable":true,"href":"https:\/\/arriendo.com\/co\/wp-json\/wp\/v2\/media\/208667"}],"wp:attachment":[{"href":"https:\/\/arriendo.com\/co\/wp-json\/wp\/v2\/media?parent=208665"}],"wp:term":[{"taxonomy":"es_location","embeddable":true,"href":"https:\/\/arriendo.com\/co\/wp-json\/wp\/v2\/es_locations?post=208665"},{"taxonomy":"es_category","embeddable":true,"href":"https:\/\/arriendo.com\/co\/wp-json\/wp\/v2\/es_categories?post=208665"},{"taxonomy":"es_type","embeddable":true,"href":"https:\/\/arriendo.com\/co\/wp-json\/wp\/v2\/es_types?post=208665"},{"taxonomy":"es_rent_period","embeddable":true,"href":"https:\/\/arriendo.com\/co\/wp-json\/wp\/v2\/es_rent_periods?post=208665"},{"taxonomy":"es_label","embeddable":true,"href":"https:\/\/arriendo.com\/co\/wp-json\/wp\/v2\/es_labels?post=208665"},{"taxonomy":"es_status","embeddable":true,"href":"https:\/\/arriendo.com\/co\/wp-json\/wp\/v2\/es_statuses?post=208665"},{"taxonomy":"es_parking","embeddable":true,"href":"https:\/\/arriendo.com\/co\/wp-json\/wp\/v2\/es_parkings?post=208665"},{"taxonomy":"es_roof","embeddable":true,"href":"https:\/\/arriendo.com\/co\/wp-json\/wp\/v2\/es_roofs?post=208665"},{"taxonomy":"es_exterior_material","embeddable":true,"href":"https:\/\/arriendo.com\/co\/wp-json\/wp\/v2\/es_exterior_materials?post=208665"},{"taxonomy":"es_basement","embeddable":true,"href":"https:\/\/arriendo.com\/co\/wp-json\/wp\/v2\/es_basements?post=208665"},{"taxonomy":"es_floor_covering","embeddable":true,"href":"https:\/\/arriendo.com\/co\/wp-json\/wp\/v2\/es_floor_coverings?post=208665"},{"taxonomy":"es_feature","embeddable":true,"href":"https:\/\/arriendo.com\/co\/wp-json\/wp\/v2\/es_features?post=208665"},{"taxonomy":"es_amenity","embeddable":true,"href":"https:\/\/arriendo.com\/co\/wp-json\/wp\/v2\/es_amenities?post=208665"},{"taxonomy":"es_neighborhood","embeddable":true,"href":"https:\/\/arriendo.com\/co\/wp-json\/wp\/v2\/es_neighborhoods?post=208665"},{"taxonomy":"es_tag","embeddable":true,"href":"https:\/\/arriendo.com\/co\/wp-json\/wp\/v2\/es_tags?post=208665"}],"curies":[{"name":"wp","href":"https:\/\/api.w.org\/{rel}","templated":true}]}}