{"id":205708,"date":"2026-01-09T11:57:09","date_gmt":"2026-01-09T16:57:09","guid":{"rendered":"https:\/\/arriendo.com\/co\/%es_type%\/\/%neighborhood%\/AR-0\/"},"modified":"2026-01-09T11:57:09","modified_gmt":"2026-01-09T16:57:09","slug":"ar-205708","status":"publish","type":"properties","link":"https:\/\/arriendo.com\/co\/oficinas\/bogota\/el-virrey\/ar-205708\/","title":{"rendered":"Oficina en Arriendo en El Virrey, Bogot\u00e1"},"content":{"rendered":"<p>Oficina en Arriendo ubicada en uno de los sectores mas exclusivos de Bogot\u00e1 barrio La Cabrera tenemos este espacio de 95 metros de \u00e1rea privada con dos oficinas,  sala de juntas, espacio de trabajo, cocineta, dos ba\u00f1os mas doble parqueadero l\u00ednea, Cuatro millones trecientos mil pesos Administraci\u00f3n incluida.<\/p>\n","protected":false},"excerpt":{"rendered":"Oficina en Arriendo ubicada en uno de los sectores mas...","protected":false},"author":7407,"featured_media":205711,"template":"","es_locations":[110,77,1398],"es_categories":[124],"es_types":[116],"es_rent_periods":[],"es_labels":[],"es_statuses":[126],"es_parkings":[],"es_roofs":[],"es_exterior_materials":[],"es_basements":[],"es_floor_coverings":[],"es_features":[131,2328,2224,2131,133,2302,2388,2226,2178,2132,2272,2133,2134,2239,2390,2391,2136,2297,2152],"es_amenities":[152,2330,2247,2139,2154,2303,2395,2251,2193,2140,2273,158,2141,2256,2398,2399,2143,2299,2162],"es_neighborhoods":[],"es_tags":[],"class_list":["post-205708","properties","type-properties","status-publish","has-post-thumbnail","hentry","es_location-bogota","es_location-bogota-d-c","es_location-el-virrey","es_category-arriendo","es_type-oficinas","es_status-usado","es_feature-ascensor","es_feature-banos-mixtos","es_feature-cableado-de-red","es_feature-circuito-cerrado-de-tv","es_feature-citofono","es_feature-cocineta","es_feature-control-de-acceso-digital","es_feature-escalera-de-emergencia","es_feature-garaje-cubierto","es_feature-parques-cercanos","es_feature-piso-en-baldosa-marmol","es_feature-porteria-recepcion","es_feature-servicios-publicos","es_feature-sobre-via-secundaria","es_feature-tarjetas-inteligentes","es_feature-tarjetas-magneticas","es_feature-trans-publico-cercano","es_feature-ubicada-en-edificio","es_feature-zona-residencial","es_amenity-ascensor-privado","es_amenity-banos-mixtos","es_amenity-cableado-de-red","es_amenity-circuito-cerrado-de-tv","es_amenity-citofono","es_amenity-cocineta","es_amenity-control-de-acceso-digital","es_amenity-escalera-de-emergencia","es_amenity-garaje-cubierto","es_amenity-parques-cercanos","es_amenity-piso-en-baldosa-marmol","es_amenity-porteria-recepcion","es_amenity-servicios-publicos","es_amenity-sobre-via-secundaria","es_amenity-tarjetas-inteligentes","es_amenity-tarjetas-magneticas","es_amenity-trans-publico-cercano","es_amenity-ubicada-en-edificio","es_amenity-zona-residencial","es-post-entity"],"_links":{"self":[{"href":"https:\/\/arriendo.com\/co\/wp-json\/wp\/v2\/properties\/205708","targetHints":{"allow":["GET"]}}],"collection":[{"href":"https:\/\/arriendo.com\/co\/wp-json\/wp\/v2\/properties"}],"about":[{"href":"https:\/\/arriendo.com\/co\/wp-json\/wp\/v2\/types\/properties"}],"author":[{"embeddable":true,"href":"https:\/\/arriendo.com\/co\/wp-json\/wp\/v2\/users\/7407"}],"version-history":[{"count":0,"href":"https:\/\/arriendo.com\/co\/wp-json\/wp\/v2\/properties\/205708\/revisions"}],"wp:featuredmedia":[{"embeddable":true,"href":"https:\/\/arriendo.com\/co\/wp-json\/wp\/v2\/media\/205711"}],"wp:attachment":[{"href":"https:\/\/arriendo.com\/co\/wp-json\/wp\/v2\/media?parent=205708"}],"wp:term":[{"taxonomy":"es_location","embeddable":true,"href":"https:\/\/arriendo.com\/co\/wp-json\/wp\/v2\/es_locations?post=205708"},{"taxonomy":"es_category","embeddable":true,"href":"https:\/\/arriendo.com\/co\/wp-json\/wp\/v2\/es_categories?post=205708"},{"taxonomy":"es_type","embeddable":true,"href":"https:\/\/arriendo.com\/co\/wp-json\/wp\/v2\/es_types?post=205708"},{"taxonomy":"es_rent_period","embeddable":true,"href":"https:\/\/arriendo.com\/co\/wp-json\/wp\/v2\/es_rent_periods?post=205708"},{"taxonomy":"es_label","embeddable":true,"href":"https:\/\/arriendo.com\/co\/wp-json\/wp\/v2\/es_labels?post=205708"},{"taxonomy":"es_status","embeddable":true,"href":"https:\/\/arriendo.com\/co\/wp-json\/wp\/v2\/es_statuses?post=205708"},{"taxonomy":"es_parking","embeddable":true,"href":"https:\/\/arriendo.com\/co\/wp-json\/wp\/v2\/es_parkings?post=205708"},{"taxonomy":"es_roof","embeddable":true,"href":"https:\/\/arriendo.com\/co\/wp-json\/wp\/v2\/es_roofs?post=205708"},{"taxonomy":"es_exterior_material","embeddable":true,"href":"https:\/\/arriendo.com\/co\/wp-json\/wp\/v2\/es_exterior_materials?post=205708"},{"taxonomy":"es_basement","embeddable":true,"href":"https:\/\/arriendo.com\/co\/wp-json\/wp\/v2\/es_basements?post=205708"},{"taxonomy":"es_floor_covering","embeddable":true,"href":"https:\/\/arriendo.com\/co\/wp-json\/wp\/v2\/es_floor_coverings?post=205708"},{"taxonomy":"es_feature","embeddable":true,"href":"https:\/\/arriendo.com\/co\/wp-json\/wp\/v2\/es_features?post=205708"},{"taxonomy":"es_amenity","embeddable":true,"href":"https:\/\/arriendo.com\/co\/wp-json\/wp\/v2\/es_amenities?post=205708"},{"taxonomy":"es_neighborhood","embeddable":true,"href":"https:\/\/arriendo.com\/co\/wp-json\/wp\/v2\/es_neighborhoods?post=205708"},{"taxonomy":"es_tag","embeddable":true,"href":"https:\/\/arriendo.com\/co\/wp-json\/wp\/v2\/es_tags?post=205708"}],"curies":[{"name":"wp","href":"https:\/\/api.w.org\/{rel}","templated":true}]}}