{"id":205691,"date":"2026-01-09T11:55:55","date_gmt":"2026-01-09T16:55:55","guid":{"rendered":"https:\/\/arriendo.com\/co\/%es_type%\/\/%neighborhood%\/AR-0\/"},"modified":"2026-01-09T11:55:55","modified_gmt":"2026-01-09T16:55:55","slug":"ar-205691","status":"publish","type":"properties","link":"https:\/\/arriendo.com\/co\/oficinas\/bogota\/ciudad-salitre\/ar-205691\/","title":{"rendered":"Oficina en Arriendo en Ciudad salitre, Bogot\u00e1"},"content":{"rendered":"<p>Se arrienda oficina esquinera piso 3 en el Centro Empresarial Arrecife, en una de la mejores ubicaciones de Bogot\u00e1,  se entrega con cableado estructurado, dos oficinas privadas con divisi\u00f3n en vidrio, sala de juntas, espacio para capacitaci\u00f3n y\/o call center, zona  para el RAC, cuatro parqueaderos, dos ba\u00f1os privados, cocineta, sistema de calefacci\u00f3n, se entrega encortinada. Lista para operar.  Trece millones mas IVA mas Administraci\u00f3n. Valor Negociable dependiendo del tiempo del contrato.<\/p>\n","protected":false},"excerpt":{"rendered":"Se arrienda oficina esquinera piso 3 en el Centro Empresarial...","protected":false},"author":7407,"featured_media":205694,"template":"","es_locations":[110,77,1100],"es_categories":[124],"es_types":[116],"es_rent_periods":[],"es_labels":[],"es_statuses":[126],"es_parkings":[],"es_roofs":[],"es_exterior_materials":[],"es_basements":[],"es_floor_coverings":[],"es_features":[149,150,2427,131,2392,2130,2328,2224,2131,133,2302,2388,2226,2354,2178,2393,2216,2132,2272,2133,2414,2389,2134,2135,2390,2391,2136,2297,2137],"es_amenities":[2329,2387,2431,152,2394,2138,2330,2247,2139,2154,2303,2395,2251,2359,2193,2396,156,2140,2273,158,2416,2397,2141,2142,2398,2399,2143,2299,2144],"es_neighborhoods":[],"es_tags":[],"class_list":["post-205691","properties","type-properties","status-publish","has-post-thumbnail","hentry","es_location-bogota","es_location-bogota-d-c","es_location-ciudad-salitre","es_category-arriendo","es_type-oficinas","es_status-usado","es_feature-aire-acondicionado","es_feature-alarma","es_feature-alarma-contra-incendio","es_feature-ascensor","es_feature-ascensores-inteligentes","es_feature-banos-comunales","es_feature-banos-mixtos","es_feature-cableado-de-red","es_feature-circuito-cerrado-de-tv","es_feature-citofono","es_feature-cocineta","es_feature-control-de-acceso-digital","es_feature-escalera-de-emergencia","es_feature-gabinete-de-incendios","es_feature-garaje-cubierto","es_feature-parqueadero-inteligente","es_feature-parqueadero-visitantes","es_feature-parques-cercanos","es_feature-piso-en-baldosa-marmol","es_feature-porteria-recepcion","es_feature-rociadores-de-agua","es_feature-salon-de-videoconferencias","es_feature-servicios-publicos","es_feature-sobre-via-principal","es_feature-tarjetas-inteligentes","es_feature-tarjetas-magneticas","es_feature-trans-publico-cercano","es_feature-ubicada-en-edificio","es_feature-zona-comercial","es_amenity-aire-acondicionado","es_amenity-alarma","es_amenity-alarma-contra-incendio","es_amenity-ascensor-privado","es_amenity-ascensores-inteligentes","es_amenity-banos-comunales","es_amenity-banos-mixtos","es_amenity-cableado-de-red","es_amenity-circuito-cerrado-de-tv","es_amenity-citofono","es_amenity-cocineta","es_amenity-control-de-acceso-digital","es_amenity-escalera-de-emergencia","es_amenity-gabinete-de-incendios","es_amenity-garaje-cubierto","es_amenity-parqueadero-inteligente","es_amenity-parqueadero-visitantes","es_amenity-parques-cercanos","es_amenity-piso-en-baldosa-marmol","es_amenity-porteria-recepcion","es_amenity-rociadores-de-agua","es_amenity-salon-de-videoconferencias","es_amenity-servicios-publicos","es_amenity-sobre-via-principal","es_amenity-tarjetas-inteligentes","es_amenity-tarjetas-magneticas","es_amenity-trans-publico-cercano","es_amenity-ubicada-en-edificio","es_amenity-zona-comercial","es-post-entity"],"_links":{"self":[{"href":"https:\/\/arriendo.com\/co\/wp-json\/wp\/v2\/properties\/205691","targetHints":{"allow":["GET"]}}],"collection":[{"href":"https:\/\/arriendo.com\/co\/wp-json\/wp\/v2\/properties"}],"about":[{"href":"https:\/\/arriendo.com\/co\/wp-json\/wp\/v2\/types\/properties"}],"author":[{"embeddable":true,"href":"https:\/\/arriendo.com\/co\/wp-json\/wp\/v2\/users\/7407"}],"version-history":[{"count":0,"href":"https:\/\/arriendo.com\/co\/wp-json\/wp\/v2\/properties\/205691\/revisions"}],"wp:featuredmedia":[{"embeddable":true,"href":"https:\/\/arriendo.com\/co\/wp-json\/wp\/v2\/media\/205694"}],"wp:attachment":[{"href":"https:\/\/arriendo.com\/co\/wp-json\/wp\/v2\/media?parent=205691"}],"wp:term":[{"taxonomy":"es_location","embeddable":true,"href":"https:\/\/arriendo.com\/co\/wp-json\/wp\/v2\/es_locations?post=205691"},{"taxonomy":"es_category","embeddable":true,"href":"https:\/\/arriendo.com\/co\/wp-json\/wp\/v2\/es_categories?post=205691"},{"taxonomy":"es_type","embeddable":true,"href":"https:\/\/arriendo.com\/co\/wp-json\/wp\/v2\/es_types?post=205691"},{"taxonomy":"es_rent_period","embeddable":true,"href":"https:\/\/arriendo.com\/co\/wp-json\/wp\/v2\/es_rent_periods?post=205691"},{"taxonomy":"es_label","embeddable":true,"href":"https:\/\/arriendo.com\/co\/wp-json\/wp\/v2\/es_labels?post=205691"},{"taxonomy":"es_status","embeddable":true,"href":"https:\/\/arriendo.com\/co\/wp-json\/wp\/v2\/es_statuses?post=205691"},{"taxonomy":"es_parking","embeddable":true,"href":"https:\/\/arriendo.com\/co\/wp-json\/wp\/v2\/es_parkings?post=205691"},{"taxonomy":"es_roof","embeddable":true,"href":"https:\/\/arriendo.com\/co\/wp-json\/wp\/v2\/es_roofs?post=205691"},{"taxonomy":"es_exterior_material","embeddable":true,"href":"https:\/\/arriendo.com\/co\/wp-json\/wp\/v2\/es_exterior_materials?post=205691"},{"taxonomy":"es_basement","embeddable":true,"href":"https:\/\/arriendo.com\/co\/wp-json\/wp\/v2\/es_basements?post=205691"},{"taxonomy":"es_floor_covering","embeddable":true,"href":"https:\/\/arriendo.com\/co\/wp-json\/wp\/v2\/es_floor_coverings?post=205691"},{"taxonomy":"es_feature","embeddable":true,"href":"https:\/\/arriendo.com\/co\/wp-json\/wp\/v2\/es_features?post=205691"},{"taxonomy":"es_amenity","embeddable":true,"href":"https:\/\/arriendo.com\/co\/wp-json\/wp\/v2\/es_amenities?post=205691"},{"taxonomy":"es_neighborhood","embeddable":true,"href":"https:\/\/arriendo.com\/co\/wp-json\/wp\/v2\/es_neighborhoods?post=205691"},{"taxonomy":"es_tag","embeddable":true,"href":"https:\/\/arriendo.com\/co\/wp-json\/wp\/v2\/es_tags?post=205691"}],"curies":[{"name":"wp","href":"https:\/\/api.w.org\/{rel}","templated":true}]}}