{"id":205457,"date":"2026-01-09T11:37:46","date_gmt":"2026-01-09T16:37:46","guid":{"rendered":"https:\/\/arriendo.com\/co\/%es_type%\/\/%neighborhood%\/AR-0\/"},"modified":"2026-01-09T11:37:46","modified_gmt":"2026-01-09T16:37:46","slug":"ar-205457","status":"publish","type":"properties","link":"https:\/\/arriendo.com\/co\/locales\/bogota\/fontibon\/ar-205457\/","title":{"rendered":"Local en Arriendo en Fontibon, Bogot\u00e1"},"content":{"rendered":"<p>Se arrienda local comercial en el segundo piso del centro comercial Hayuelos, en la localidad de Fontib\u00f3n.  Este es un inmueble amplio local que cuenta con un \u00e1rea de 95 metros cuadrados, esquinero y con buena iluminaci\u00f3n, El inmueble cuenta con acceso por escaleras y ascensor. Queda al pie de una de las entradas de reconocida marca comercial. Ideal para negocios en expansi\u00f3n y acreditaci\u00f3n comercial. Por su ubicaci\u00f3n y f\u00e1cil acceso es ideal para marcas reconocidas de ropa y accesorios, corresponsales de pago, venta de productos tecnol\u00f3gicos, servicios est\u00e9ticos, entre otros.<br \/>\ncanon de arrendamiento + administraci\u00f3n + IVA<br \/>\nComun\u00edcate y agenda tu cita.<\/p>\n","protected":false},"excerpt":{"rendered":"Se arrienda local comercial en el segundo piso del centro...","protected":false},"author":7179,"featured_media":205460,"template":"","es_locations":[110,77,218],"es_categories":[124],"es_types":[117],"es_rent_periods":[],"es_labels":[],"es_statuses":[126],"es_parkings":[],"es_roofs":[],"es_exterior_materials":[],"es_basements":[],"es_floor_coverings":[],"es_features":[131,2454,2201,2216,2132,2488,2418,2135,2241,2242,2137,2152],"es_amenities":[152,2456,2206,156,2140,2489,2419,2142,2259,2260,2144,2162],"es_neighborhoods":[],"es_tags":[],"class_list":["post-205457","properties","type-properties","status-publish","has-post-thumbnail","hentry","es_location-bogota","es_location-bogota-d-c","es_location-fontibon","es_category-arriendo","es_type-locales","es_status-usado","es_feature-ascensor","es_feature-en-centro-comercial","es_feature-en-zona-comercial","es_feature-parqueadero-visitantes","es_feature-parques-cercanos","es_feature-pasaje-comercial","es_feature-piso-en-madera","es_feature-sobre-via-principal","es_feature-vigilancia-24x7","es_feature-vigilancia-privada-247","es_feature-zona-comercial","es_feature-zona-residencial","es_amenity-ascensor-privado","es_amenity-en-centro-comercial","es_amenity-en-zona-comercial","es_amenity-parqueadero-visitantes","es_amenity-parques-cercanos","es_amenity-pasaje-comercial","es_amenity-piso-en-madera","es_amenity-sobre-via-principal","es_amenity-vigilancia-24x7","es_amenity-vigilancia-privada-247","es_amenity-zona-comercial","es_amenity-zona-residencial","es-post-entity"],"_links":{"self":[{"href":"https:\/\/arriendo.com\/co\/wp-json\/wp\/v2\/properties\/205457","targetHints":{"allow":["GET"]}}],"collection":[{"href":"https:\/\/arriendo.com\/co\/wp-json\/wp\/v2\/properties"}],"about":[{"href":"https:\/\/arriendo.com\/co\/wp-json\/wp\/v2\/types\/properties"}],"author":[{"embeddable":true,"href":"https:\/\/arriendo.com\/co\/wp-json\/wp\/v2\/users\/7179"}],"version-history":[{"count":0,"href":"https:\/\/arriendo.com\/co\/wp-json\/wp\/v2\/properties\/205457\/revisions"}],"wp:featuredmedia":[{"embeddable":true,"href":"https:\/\/arriendo.com\/co\/wp-json\/wp\/v2\/media\/205460"}],"wp:attachment":[{"href":"https:\/\/arriendo.com\/co\/wp-json\/wp\/v2\/media?parent=205457"}],"wp:term":[{"taxonomy":"es_location","embeddable":true,"href":"https:\/\/arriendo.com\/co\/wp-json\/wp\/v2\/es_locations?post=205457"},{"taxonomy":"es_category","embeddable":true,"href":"https:\/\/arriendo.com\/co\/wp-json\/wp\/v2\/es_categories?post=205457"},{"taxonomy":"es_type","embeddable":true,"href":"https:\/\/arriendo.com\/co\/wp-json\/wp\/v2\/es_types?post=205457"},{"taxonomy":"es_rent_period","embeddable":true,"href":"https:\/\/arriendo.com\/co\/wp-json\/wp\/v2\/es_rent_periods?post=205457"},{"taxonomy":"es_label","embeddable":true,"href":"https:\/\/arriendo.com\/co\/wp-json\/wp\/v2\/es_labels?post=205457"},{"taxonomy":"es_status","embeddable":true,"href":"https:\/\/arriendo.com\/co\/wp-json\/wp\/v2\/es_statuses?post=205457"},{"taxonomy":"es_parking","embeddable":true,"href":"https:\/\/arriendo.com\/co\/wp-json\/wp\/v2\/es_parkings?post=205457"},{"taxonomy":"es_roof","embeddable":true,"href":"https:\/\/arriendo.com\/co\/wp-json\/wp\/v2\/es_roofs?post=205457"},{"taxonomy":"es_exterior_material","embeddable":true,"href":"https:\/\/arriendo.com\/co\/wp-json\/wp\/v2\/es_exterior_materials?post=205457"},{"taxonomy":"es_basement","embeddable":true,"href":"https:\/\/arriendo.com\/co\/wp-json\/wp\/v2\/es_basements?post=205457"},{"taxonomy":"es_floor_covering","embeddable":true,"href":"https:\/\/arriendo.com\/co\/wp-json\/wp\/v2\/es_floor_coverings?post=205457"},{"taxonomy":"es_feature","embeddable":true,"href":"https:\/\/arriendo.com\/co\/wp-json\/wp\/v2\/es_features?post=205457"},{"taxonomy":"es_amenity","embeddable":true,"href":"https:\/\/arriendo.com\/co\/wp-json\/wp\/v2\/es_amenities?post=205457"},{"taxonomy":"es_neighborhood","embeddable":true,"href":"https:\/\/arriendo.com\/co\/wp-json\/wp\/v2\/es_neighborhoods?post=205457"},{"taxonomy":"es_tag","embeddable":true,"href":"https:\/\/arriendo.com\/co\/wp-json\/wp\/v2\/es_tags?post=205457"}],"curies":[{"name":"wp","href":"https:\/\/api.w.org\/{rel}","templated":true}]}}