{"id":203581,"date":"2026-01-08T12:47:53","date_gmt":"2026-01-08T17:47:53","guid":{"rendered":"https:\/\/arriendo.com\/co\/%es_type%\/\/%neighborhood%\/AR-0\/"},"modified":"2026-01-08T12:47:53","modified_gmt":"2026-01-08T17:47:53","slug":"ar-203581","status":"publish","type":"properties","link":"https:\/\/arriendo.com\/co\/apartamentos\/cali\/el-ingenio\/ar-203581\/","title":{"rendered":"Apartamento en Arriendo en El ingenio, Cali"},"content":{"rendered":"<p>Rento apartamento grande, amoblado frente al parque, con administraci\u00f3n incluida, servicios e internet, 3 cuartos, 2 ba\u00f1os, sala comedor, cocina integral, estudio, balc\u00f3n con excelente vista, cuarto piso. El edificio cuenta con una amplia terraza del tama\u00f1o del edificio. Cerca de colegios, universidades, cerca al parque del ingenio, zonas de comercio.<\/p>\n","protected":false},"excerpt":{"rendered":"Rento apartamento grande, amoblado frente al parque, con administraci\u00f3n incluida,...","protected":false},"author":4102,"featured_media":203583,"template":"","es_locations":[179,1991],"es_categories":[124],"es_types":[114],"es_rent_periods":[],"es_labels":[],"es_statuses":[126],"es_parkings":[],"es_roofs":[],"es_exterior_materials":[],"es_basements":[],"es_floor_coverings":[],"es_features":[149,2262,131,132,2212,2145,133,2146,2148,136,2149,2282,145,2132,2220,2272,2150,143,2136,2151,2152],"es_amenities":[2329,2267,152,2186,2217,2153,2154,2155,2157,2158,2159,2287,2160,2140,2221,2273,2161,2290,2143,162,2162],"es_neighborhoods":[],"es_tags":[],"class_list":["post-203581","properties","type-properties","status-publish","has-post-thumbnail","hentry","es_location-cali","es_location-el-ingenio","es_category-arriendo","es_type-apartamentos","es_status-usado","es_feature-aire-acondicionado","es_feature-amoblado","es_feature-ascensor","es_feature-balcon","es_feature-bano-auxiliar","es_feature-calentador","es_feature-citofono","es_feature-cocina-integral","es_feature-colegios-universidades","es_feature-estudio","es_feature-garajes","es_feature-hall-de-alcobas","es_feature-instalacion-de-gas","es_feature-parques-cercanos","es_feature-patio","es_feature-piso-en-baldosa-marmol","es_feature-supermercados-c-comerciales","es_feature-terraza","es_feature-trans-publico-cercano","es_feature-zona-de-lavanderia","es_feature-zona-residencial","es_amenity-aire-acondicionado","es_amenity-amoblado","es_amenity-ascensor-privado","es_amenity-balcon","es_amenity-bano-auxiliar","es_amenity-calentador","es_amenity-citofono","es_amenity-cocina-integral","es_amenity-colegios-universidades","es_amenity-estudio","es_amenity-garajes","es_amenity-hall-de-alcobas","es_amenity-instalacion-de-gas","es_amenity-parques-cercanos","es_amenity-patio","es_amenity-piso-en-baldosa-marmol","es_amenity-supermercados-c-comerciales","es_amenity-terraza","es_amenity-trans-publico-cercano","es_amenity-zona-de-lavanderia","es_amenity-zona-residencial","es-post-entity"],"_links":{"self":[{"href":"https:\/\/arriendo.com\/co\/wp-json\/wp\/v2\/properties\/203581","targetHints":{"allow":["GET"]}}],"collection":[{"href":"https:\/\/arriendo.com\/co\/wp-json\/wp\/v2\/properties"}],"about":[{"href":"https:\/\/arriendo.com\/co\/wp-json\/wp\/v2\/types\/properties"}],"author":[{"embeddable":true,"href":"https:\/\/arriendo.com\/co\/wp-json\/wp\/v2\/users\/4102"}],"version-history":[{"count":0,"href":"https:\/\/arriendo.com\/co\/wp-json\/wp\/v2\/properties\/203581\/revisions"}],"wp:featuredmedia":[{"embeddable":true,"href":"https:\/\/arriendo.com\/co\/wp-json\/wp\/v2\/media\/203583"}],"wp:attachment":[{"href":"https:\/\/arriendo.com\/co\/wp-json\/wp\/v2\/media?parent=203581"}],"wp:term":[{"taxonomy":"es_location","embeddable":true,"href":"https:\/\/arriendo.com\/co\/wp-json\/wp\/v2\/es_locations?post=203581"},{"taxonomy":"es_category","embeddable":true,"href":"https:\/\/arriendo.com\/co\/wp-json\/wp\/v2\/es_categories?post=203581"},{"taxonomy":"es_type","embeddable":true,"href":"https:\/\/arriendo.com\/co\/wp-json\/wp\/v2\/es_types?post=203581"},{"taxonomy":"es_rent_period","embeddable":true,"href":"https:\/\/arriendo.com\/co\/wp-json\/wp\/v2\/es_rent_periods?post=203581"},{"taxonomy":"es_label","embeddable":true,"href":"https:\/\/arriendo.com\/co\/wp-json\/wp\/v2\/es_labels?post=203581"},{"taxonomy":"es_status","embeddable":true,"href":"https:\/\/arriendo.com\/co\/wp-json\/wp\/v2\/es_statuses?post=203581"},{"taxonomy":"es_parking","embeddable":true,"href":"https:\/\/arriendo.com\/co\/wp-json\/wp\/v2\/es_parkings?post=203581"},{"taxonomy":"es_roof","embeddable":true,"href":"https:\/\/arriendo.com\/co\/wp-json\/wp\/v2\/es_roofs?post=203581"},{"taxonomy":"es_exterior_material","embeddable":true,"href":"https:\/\/arriendo.com\/co\/wp-json\/wp\/v2\/es_exterior_materials?post=203581"},{"taxonomy":"es_basement","embeddable":true,"href":"https:\/\/arriendo.com\/co\/wp-json\/wp\/v2\/es_basements?post=203581"},{"taxonomy":"es_floor_covering","embeddable":true,"href":"https:\/\/arriendo.com\/co\/wp-json\/wp\/v2\/es_floor_coverings?post=203581"},{"taxonomy":"es_feature","embeddable":true,"href":"https:\/\/arriendo.com\/co\/wp-json\/wp\/v2\/es_features?post=203581"},{"taxonomy":"es_amenity","embeddable":true,"href":"https:\/\/arriendo.com\/co\/wp-json\/wp\/v2\/es_amenities?post=203581"},{"taxonomy":"es_neighborhood","embeddable":true,"href":"https:\/\/arriendo.com\/co\/wp-json\/wp\/v2\/es_neighborhoods?post=203581"},{"taxonomy":"es_tag","embeddable":true,"href":"https:\/\/arriendo.com\/co\/wp-json\/wp\/v2\/es_tags?post=203581"}],"curies":[{"name":"wp","href":"https:\/\/api.w.org\/{rel}","templated":true}]}}