{"id":188453,"date":"2026-01-07T07:32:01","date_gmt":"2026-01-07T12:32:01","guid":{"rendered":"https:\/\/arriendo.com\/co\/%es_type%\/\/%neighborhood%\/AR-0\/"},"modified":"2026-01-07T07:32:01","modified_gmt":"2026-01-07T12:32:01","slug":"ar-188453","status":"publish","type":"properties","link":"https:\/\/arriendo.com\/co\/locales\/bello\/niquia\/ar-188453\/","title":{"rendered":"Local en arriendo en Niquia, Bello"},"content":{"rendered":"<p>Local disponible para arriendo ubicado en bello Niqu\u00eda, centro empresarial Tierragro, local primer piso con un \u00e1rea de 600 mt2, doble altura, bodega, adecuado para supermercado, cerca al centro comercial puerta del norte, edificio estaci\u00f3n Niqu\u00eda y metro de Medell\u00edn. canon m\u00e1s IVA, m\u00e1s adm\u00f3n. del 20% sobre el canon final<\/p>\n","protected":false},"excerpt":{"rendered":"Local disponible para arriendo ubicado en bello Niqu\u00eda, centro empresarial...","protected":false},"author":6702,"featured_media":188455,"template":"","es_locations":[79,538,763],"es_categories":[124],"es_types":[117],"es_rent_periods":[],"es_labels":[],"es_statuses":[],"es_parkings":[],"es_roofs":[],"es_exterior_materials":[],"es_basements":[],"es_floor_coverings":[],"es_features":[2164,2200,2293,2148,2201,2132,2135,2150,2136,2137],"es_amenities":[2187,2205,2295,2157,2206,2140,2142,2161,2143,2144],"es_neighborhoods":[],"es_tags":[],"class_list":["post-188453","properties","type-properties","status-publish","has-post-thumbnail","hentry","es_location-antioquia","es_location-bello","es_location-niquia","es_category-arriendo","es_type-locales","es_feature-bano-independiente","es_feature-cerca-a-sector-comercial","es_feature-cerca-centro-comercial","es_feature-colegios-universidades","es_feature-en-zona-comercial","es_feature-parques-cercanos","es_feature-sobre-via-principal","es_feature-supermercados-c-comerciales","es_feature-trans-publico-cercano","es_feature-zona-comercial","es_amenity-bano-independiente","es_amenity-cerca-a-sector-comercial","es_amenity-cerca-centro-comercial","es_amenity-colegios-universidades","es_amenity-en-zona-comercial","es_amenity-parques-cercanos","es_amenity-sobre-via-principal","es_amenity-supermercados-c-comerciales","es_amenity-trans-publico-cercano","es_amenity-zona-comercial","es-post-entity"],"_links":{"self":[{"href":"https:\/\/arriendo.com\/co\/wp-json\/wp\/v2\/properties\/188453","targetHints":{"allow":["GET"]}}],"collection":[{"href":"https:\/\/arriendo.com\/co\/wp-json\/wp\/v2\/properties"}],"about":[{"href":"https:\/\/arriendo.com\/co\/wp-json\/wp\/v2\/types\/properties"}],"author":[{"embeddable":true,"href":"https:\/\/arriendo.com\/co\/wp-json\/wp\/v2\/users\/6702"}],"version-history":[{"count":0,"href":"https:\/\/arriendo.com\/co\/wp-json\/wp\/v2\/properties\/188453\/revisions"}],"wp:featuredmedia":[{"embeddable":true,"href":"https:\/\/arriendo.com\/co\/wp-json\/wp\/v2\/media\/188455"}],"wp:attachment":[{"href":"https:\/\/arriendo.com\/co\/wp-json\/wp\/v2\/media?parent=188453"}],"wp:term":[{"taxonomy":"es_location","embeddable":true,"href":"https:\/\/arriendo.com\/co\/wp-json\/wp\/v2\/es_locations?post=188453"},{"taxonomy":"es_category","embeddable":true,"href":"https:\/\/arriendo.com\/co\/wp-json\/wp\/v2\/es_categories?post=188453"},{"taxonomy":"es_type","embeddable":true,"href":"https:\/\/arriendo.com\/co\/wp-json\/wp\/v2\/es_types?post=188453"},{"taxonomy":"es_rent_period","embeddable":true,"href":"https:\/\/arriendo.com\/co\/wp-json\/wp\/v2\/es_rent_periods?post=188453"},{"taxonomy":"es_label","embeddable":true,"href":"https:\/\/arriendo.com\/co\/wp-json\/wp\/v2\/es_labels?post=188453"},{"taxonomy":"es_status","embeddable":true,"href":"https:\/\/arriendo.com\/co\/wp-json\/wp\/v2\/es_statuses?post=188453"},{"taxonomy":"es_parking","embeddable":true,"href":"https:\/\/arriendo.com\/co\/wp-json\/wp\/v2\/es_parkings?post=188453"},{"taxonomy":"es_roof","embeddable":true,"href":"https:\/\/arriendo.com\/co\/wp-json\/wp\/v2\/es_roofs?post=188453"},{"taxonomy":"es_exterior_material","embeddable":true,"href":"https:\/\/arriendo.com\/co\/wp-json\/wp\/v2\/es_exterior_materials?post=188453"},{"taxonomy":"es_basement","embeddable":true,"href":"https:\/\/arriendo.com\/co\/wp-json\/wp\/v2\/es_basements?post=188453"},{"taxonomy":"es_floor_covering","embeddable":true,"href":"https:\/\/arriendo.com\/co\/wp-json\/wp\/v2\/es_floor_coverings?post=188453"},{"taxonomy":"es_feature","embeddable":true,"href":"https:\/\/arriendo.com\/co\/wp-json\/wp\/v2\/es_features?post=188453"},{"taxonomy":"es_amenity","embeddable":true,"href":"https:\/\/arriendo.com\/co\/wp-json\/wp\/v2\/es_amenities?post=188453"},{"taxonomy":"es_neighborhood","embeddable":true,"href":"https:\/\/arriendo.com\/co\/wp-json\/wp\/v2\/es_neighborhoods?post=188453"},{"taxonomy":"es_tag","embeddable":true,"href":"https:\/\/arriendo.com\/co\/wp-json\/wp\/v2\/es_tags?post=188453"}],"curies":[{"name":"wp","href":"https:\/\/api.w.org\/{rel}","templated":true}]}}