{"id":160176,"date":"2025-10-06T15:12:11","date_gmt":"2025-10-06T20:12:11","guid":{"rendered":"https:\/\/arriendo.com\/co\/%es_type%\/bogota\/usaquen\/AR-0\/"},"modified":"2025-10-17T11:46:35","modified_gmt":"2025-10-17T16:46:35","slug":"ar-160176","status":"publish","type":"properties","link":"https:\/\/arriendo.com\/co\/oficinas\/bogota\/usaquen\/ar-160176\/","title":{"rendered":"Oficina en arriendo \u2013 414,31 m\u00b2 | Usaqu\u00e9n, Bogot\u00e1"},"content":{"rendered":"<p>Oficina espacio amplio de 414,31 m\u00b2, ubicada en Usaqu\u00e9n. Se ofrece con entrega bajo contrato \u201cllave en mano\u201d, ideal para empresas que buscan un espacio funcional ya acondicionado. La ubicaci\u00f3n goza de f\u00e1cil acceso a servicios, supermercados, restaurantes, centros m\u00e9dicos y conectividad con v\u00edas principales.\u00a0 Cocineta \/\/\u00a0Ba\u00f1o de Servicio \/\/\u00a0Amoblado \/\/\u00a0Iluminaci\u00f3n natural \/\/\u00a0Parqueadero interno<\/p>\n","protected":false},"excerpt":{"rendered":"Oficina espacio amplio de 414,31 m\u00b2, ubicada en Usaqu\u00e9n. Se...","protected":false},"author":2482,"featured_media":160178,"template":"","es_locations":[110,418,192],"es_categories":[124],"es_types":[116],"es_rent_periods":[],"es_labels":[],"es_statuses":[],"es_parkings":[],"es_roofs":[],"es_exterior_materials":[],"es_basements":[],"es_floor_coverings":[],"es_features":[],"es_amenities":[],"es_neighborhoods":[],"es_tags":[],"class_list":["post-160176","properties","type-properties","status-publish","has-post-thumbnail","hentry","es_location-bogota","es_location-colombia","es_location-usaquen","es_category-arriendo","es_type-oficinas","es-post-entity"],"_links":{"self":[{"href":"https:\/\/arriendo.com\/co\/wp-json\/wp\/v2\/properties\/160176","targetHints":{"allow":["GET"]}}],"collection":[{"href":"https:\/\/arriendo.com\/co\/wp-json\/wp\/v2\/properties"}],"about":[{"href":"https:\/\/arriendo.com\/co\/wp-json\/wp\/v2\/types\/properties"}],"author":[{"embeddable":true,"href":"https:\/\/arriendo.com\/co\/wp-json\/wp\/v2\/users\/2482"}],"version-history":[{"count":0,"href":"https:\/\/arriendo.com\/co\/wp-json\/wp\/v2\/properties\/160176\/revisions"}],"wp:featuredmedia":[{"embeddable":true,"href":"https:\/\/arriendo.com\/co\/wp-json\/wp\/v2\/media\/160178"}],"wp:attachment":[{"href":"https:\/\/arriendo.com\/co\/wp-json\/wp\/v2\/media?parent=160176"}],"wp:term":[{"taxonomy":"es_location","embeddable":true,"href":"https:\/\/arriendo.com\/co\/wp-json\/wp\/v2\/es_locations?post=160176"},{"taxonomy":"es_category","embeddable":true,"href":"https:\/\/arriendo.com\/co\/wp-json\/wp\/v2\/es_categories?post=160176"},{"taxonomy":"es_type","embeddable":true,"href":"https:\/\/arriendo.com\/co\/wp-json\/wp\/v2\/es_types?post=160176"},{"taxonomy":"es_rent_period","embeddable":true,"href":"https:\/\/arriendo.com\/co\/wp-json\/wp\/v2\/es_rent_periods?post=160176"},{"taxonomy":"es_label","embeddable":true,"href":"https:\/\/arriendo.com\/co\/wp-json\/wp\/v2\/es_labels?post=160176"},{"taxonomy":"es_status","embeddable":true,"href":"https:\/\/arriendo.com\/co\/wp-json\/wp\/v2\/es_statuses?post=160176"},{"taxonomy":"es_parking","embeddable":true,"href":"https:\/\/arriendo.com\/co\/wp-json\/wp\/v2\/es_parkings?post=160176"},{"taxonomy":"es_roof","embeddable":true,"href":"https:\/\/arriendo.com\/co\/wp-json\/wp\/v2\/es_roofs?post=160176"},{"taxonomy":"es_exterior_material","embeddable":true,"href":"https:\/\/arriendo.com\/co\/wp-json\/wp\/v2\/es_exterior_materials?post=160176"},{"taxonomy":"es_basement","embeddable":true,"href":"https:\/\/arriendo.com\/co\/wp-json\/wp\/v2\/es_basements?post=160176"},{"taxonomy":"es_floor_covering","embeddable":true,"href":"https:\/\/arriendo.com\/co\/wp-json\/wp\/v2\/es_floor_coverings?post=160176"},{"taxonomy":"es_feature","embeddable":true,"href":"https:\/\/arriendo.com\/co\/wp-json\/wp\/v2\/es_features?post=160176"},{"taxonomy":"es_amenity","embeddable":true,"href":"https:\/\/arriendo.com\/co\/wp-json\/wp\/v2\/es_amenities?post=160176"},{"taxonomy":"es_neighborhood","embeddable":true,"href":"https:\/\/arriendo.com\/co\/wp-json\/wp\/v2\/es_neighborhoods?post=160176"},{"taxonomy":"es_tag","embeddable":true,"href":"https:\/\/arriendo.com\/co\/wp-json\/wp\/v2\/es_tags?post=160176"}],"curies":[{"name":"wp","href":"https:\/\/api.w.org\/{rel}","templated":true}]}}