{"id":139205,"date":"2025-08-22T15:05:52","date_gmt":"2025-08-22T20:05:52","guid":{"rendered":"https:\/\/arriendo.com\/co\/%es_type%\/bogota\/centro-comercial-santa-fe-bogota-d.c\/AR-0\/"},"modified":"2025-10-18T11:55:42","modified_gmt":"2025-10-18T16:55:42","slug":"ar-139205","status":"publish","type":"properties","link":"https:\/\/arriendo.com\/co\/oficinas\/bogota\/suba\/ar-139205\/","title":{"rendered":"Renta de Oficina en Centro Comercial Santa Fe, Bogot\u00e1"},"content":{"rendered":"<p>\ud83d\ude80 \u00a1Tu oficina so\u00f1ada en Bogot\u00e1 ya est\u00e1 disponible! \u2013 Renta en Centro Comercial Santaf\u00e9 \ud83d\ude80 \ud83d\udccd Ubicaci\u00f3n PREMIUM dentro de Santaf\u00e9, uno de los centros comerciales m\u00e1s importantes de la ciudad. \ud83d\udcd0 56.68 m\u00b2 | 1 ba\u00f1o privado | Vista panor\u00e1mica de la ciudad \ud83c\udf06 \u2728 Listo para operar tu negocio desde el primer d\u00eda \u2705 Luz natural con doble ventana \u2705 Pisos modernos en cer\u00e1mica\/m\u00e1rmol \u2705 Cit\u00f3fono\/intercomunicador \u2705 Ascensor directo a la oficina \u2705 \u00c1rea social para reuniones \u2705 Parqueadero de visitantes \ud83d\udd12 Seguridad 24\/7, porter\u00eda y vigilancia permanente \u26a1 Planta el\u00e9ctrica de respaldo \u267f Acceso para personas con discapacidad \ud83d\udcbc Ideal para emprendedores, profesionales y empresas \ud83d\udcb0 Aprovecha una ubicaci\u00f3n estrat\u00e9gica con alta afluencia de clientes y empieza a operar YA \ud83d\udcde \u00a1No esperes m\u00e1s! Cont\u00e1ctanos y asegura tu oficina en Santaf\u00e9 hoy mismo<\/p>\n","protected":false},"excerpt":{"rendered":"\ud83d\ude80 \u00a1Tu oficina so\u00f1ada en Bogot\u00e1 ya est\u00e1 disponible! \u2013...","protected":false},"author":3227,"featured_media":139207,"template":"","es_locations":[110,1888,418,213,1059],"es_categories":[124],"es_types":[116],"es_rent_periods":[],"es_labels":[],"es_statuses":[],"es_parkings":[],"es_roofs":[],"es_exterior_materials":[],"es_basements":[],"es_floor_coverings":[],"es_features":[],"es_amenities":[],"es_neighborhoods":[],"es_tags":[],"class_list":["post-139205","properties","type-properties","status-publish","has-post-thumbnail","hentry","es_location-bogota","es_location-centro-comercial-santafe","es_location-colombia","es_location-suba","es_location-tejares-del-norte","es_category-arriendo","es_type-oficinas","es-post-entity"],"_links":{"self":[{"href":"https:\/\/arriendo.com\/co\/wp-json\/wp\/v2\/properties\/139205","targetHints":{"allow":["GET"]}}],"collection":[{"href":"https:\/\/arriendo.com\/co\/wp-json\/wp\/v2\/properties"}],"about":[{"href":"https:\/\/arriendo.com\/co\/wp-json\/wp\/v2\/types\/properties"}],"author":[{"embeddable":true,"href":"https:\/\/arriendo.com\/co\/wp-json\/wp\/v2\/users\/3227"}],"version-history":[{"count":0,"href":"https:\/\/arriendo.com\/co\/wp-json\/wp\/v2\/properties\/139205\/revisions"}],"wp:featuredmedia":[{"embeddable":true,"href":"https:\/\/arriendo.com\/co\/wp-json\/wp\/v2\/media\/139207"}],"wp:attachment":[{"href":"https:\/\/arriendo.com\/co\/wp-json\/wp\/v2\/media?parent=139205"}],"wp:term":[{"taxonomy":"es_location","embeddable":true,"href":"https:\/\/arriendo.com\/co\/wp-json\/wp\/v2\/es_locations?post=139205"},{"taxonomy":"es_category","embeddable":true,"href":"https:\/\/arriendo.com\/co\/wp-json\/wp\/v2\/es_categories?post=139205"},{"taxonomy":"es_type","embeddable":true,"href":"https:\/\/arriendo.com\/co\/wp-json\/wp\/v2\/es_types?post=139205"},{"taxonomy":"es_rent_period","embeddable":true,"href":"https:\/\/arriendo.com\/co\/wp-json\/wp\/v2\/es_rent_periods?post=139205"},{"taxonomy":"es_label","embeddable":true,"href":"https:\/\/arriendo.com\/co\/wp-json\/wp\/v2\/es_labels?post=139205"},{"taxonomy":"es_status","embeddable":true,"href":"https:\/\/arriendo.com\/co\/wp-json\/wp\/v2\/es_statuses?post=139205"},{"taxonomy":"es_parking","embeddable":true,"href":"https:\/\/arriendo.com\/co\/wp-json\/wp\/v2\/es_parkings?post=139205"},{"taxonomy":"es_roof","embeddable":true,"href":"https:\/\/arriendo.com\/co\/wp-json\/wp\/v2\/es_roofs?post=139205"},{"taxonomy":"es_exterior_material","embeddable":true,"href":"https:\/\/arriendo.com\/co\/wp-json\/wp\/v2\/es_exterior_materials?post=139205"},{"taxonomy":"es_basement","embeddable":true,"href":"https:\/\/arriendo.com\/co\/wp-json\/wp\/v2\/es_basements?post=139205"},{"taxonomy":"es_floor_covering","embeddable":true,"href":"https:\/\/arriendo.com\/co\/wp-json\/wp\/v2\/es_floor_coverings?post=139205"},{"taxonomy":"es_feature","embeddable":true,"href":"https:\/\/arriendo.com\/co\/wp-json\/wp\/v2\/es_features?post=139205"},{"taxonomy":"es_amenity","embeddable":true,"href":"https:\/\/arriendo.com\/co\/wp-json\/wp\/v2\/es_amenities?post=139205"},{"taxonomy":"es_neighborhood","embeddable":true,"href":"https:\/\/arriendo.com\/co\/wp-json\/wp\/v2\/es_neighborhoods?post=139205"},{"taxonomy":"es_tag","embeddable":true,"href":"https:\/\/arriendo.com\/co\/wp-json\/wp\/v2\/es_tags?post=139205"}],"curies":[{"name":"wp","href":"https:\/\/api.w.org\/{rel}","templated":true}]}}